{"id":1353,"date":"2021-02-01T16:37:46","date_gmt":"2021-02-01T16:37:46","guid":{"rendered":"https:\/\/www.pm-group.eu\/?page_id=1353"},"modified":"2024-11-15T16:20:42","modified_gmt":"2024-11-15T15:20:42","slug":"actualites","status":"publish","type":"page","link":"https:\/\/www.pm-group.eu\/fr\/actualites\/","title":{"rendered":"Actualit\u00e9s"},"content":{"rendered":"<p>[vc_row el_class=\u00a0\u00bbpy-5&Prime;][vc_column]<style type=\"text\/css\" data-type=\"the7_shortcodes-inline-css\">.blog-shortcode.blog-masonry-shortcode-id-96fea278d18e7c6cf0214a15ea87ea3b.dividers-on.classic-layout-list article {\n  padding-top: 0;\n}\n.blog-shortcode.blog-masonry-shortcode-id-96fea278d18e7c6cf0214a15ea87ea3b.dividers-on.classic-layout-list article:first-of-type {\n  margin-top: 0;\n  padding-top: 0;\n}\n.blog-shortcode.blog-masonry-shortcode-id-96fea278d18e7c6cf0214a15ea87ea3b.classic-layout-list.mode-list .post-entry-content {\n  width: calc(100% - );\n}\n.blog-shortcode.blog-masonry-shortcode-id-96fea278d18e7c6cf0214a15ea87ea3b.classic-layout-list.mode-list .no-img .post-entry-content {\n  width: 100%;\n}\n.blog-shortcode.blog-masonry-shortcode-id-96fea278d18e7c6cf0214a15ea87ea3b .filter-bg-decoration .filter-categories a.act {\n  color: #fff;\n}\n.blog-shortcode.blog-masonry-shortcode-id-96fea278d18e7c6cf0214a15ea87ea3b:not(.mode-masonry) article:first-of-type,\n.blog-shortcode.blog-masonry-shortcode-id-96fea278d18e7c6cf0214a15ea87ea3b:not(.mode-masonry) article.visible.first:not(.product) {\n  margin-top: 0;\n}\n.blog-shortcode.blog-masonry-shortcode-id-96fea278d18e7c6cf0214a15ea87ea3b.dividers-on:not(.mode-masonry) article {\n  margin-top: 0;\n}\n.blog-shortcode.blog-masonry-shortcode-id-96fea278d18e7c6cf0214a15ea87ea3b.dividers-on:not(.mode-masonry) article:first-of-type,\n.blog-shortcode.blog-masonry-shortcode-id-96fea278d18e7c6cf0214a15ea87ea3b.dividers-on:not(.mode-masonry) article.visible.first:not(.product) {\n  margin-top: 0;\n  padding-top: 0;\n}\n.blog-shortcode.blog-masonry-shortcode-id-96fea278d18e7c6cf0214a15ea87ea3b .post-thumbnail-wrap {\n  padding: 0px 0px 0px 0px;\n}\n.blog-shortcode.blog-masonry-shortcode-id-96fea278d18e7c6cf0214a15ea87ea3b.enable-bg-rollover .post-thumbnail-rollover:after {\n  background: rgba(0,0,0,0);\n  box-shadow: none;\n  background: -webkit-linear-gradient(360deg, rgba(0,0,0,0) 0%, rgba(0,0,0,0) 100%);\n  background: linear-gradient(360deg, rgba(0,0,0,0) 0%, rgba(0,0,0,0) 100%);\n}\n.blog-shortcode.blog-masonry-shortcode-id-96fea278d18e7c6cf0214a15ea87ea3b .gallery-zoom-ico {\n  width: 44px;\n  height: 44px;\n  line-height: 44px;\n  border-radius: 100px;\n  margin: -22px 0 0 -22px;\n  border-width: 0px;\n  color: #ffffff;\n}\n.bottom-overlap-layout-list.blog-shortcode.blog-masonry-shortcode-id-96fea278d18e7c6cf0214a15ea87ea3b .gallery-zoom-ico {\n  margin-top: -72px;\n}\n.gradient-overlay-layout-list.blog-shortcode.blog-masonry-shortcode-id-96fea278d18e7c6cf0214a15ea87ea3b .gallery-zoom-ico,\n.content-rollover-layout-list.blog-shortcode.blog-masonry-shortcode-id-96fea278d18e7c6cf0214a15ea87ea3b .gallery-zoom-ico {\n  margin: 0 0 10px;\n}\n.content-align-center.gradient-overlay-layout-list.blog-shortcode.blog-masonry-shortcode-id-96fea278d18e7c6cf0214a15ea87ea3b .gallery-zoom-ico,\n.content-align-center.content-rollover-layout-list.blog-shortcode.blog-masonry-shortcode-id-96fea278d18e7c6cf0214a15ea87ea3b .gallery-zoom-ico {\n  margin: 0 auto 10px;\n}\n.dt-icon-bg-on.blog-shortcode.blog-masonry-shortcode-id-96fea278d18e7c6cf0214a15ea87ea3b .gallery-zoom-ico {\n  background: rgba(255,255,255,0.3);\n  box-shadow: none;\n}\n.blog-shortcode.blog-masonry-shortcode-id-96fea278d18e7c6cf0214a15ea87ea3b .gallery-zoom-ico > span,\n.blog-shortcode.blog-masonry-shortcode-id-96fea278d18e7c6cf0214a15ea87ea3b .gallery-zoom-ico:before {\n  font-size: 32px;\n  line-height: 44px;\n}\n.blog-shortcode.blog-masonry-shortcode-id-96fea278d18e7c6cf0214a15ea87ea3b .gallery-zoom-ico > span,\n.blog-shortcode.blog-masonry-shortcode-id-96fea278d18e7c6cf0214a15ea87ea3b .gallery-zoom-ico:before {\n  color: #ffffff;\n}\n.blog-shortcode.blog-masonry-shortcode-id-96fea278d18e7c6cf0214a15ea87ea3b .entry-title,\n.blog-shortcode.blog-masonry-shortcode-id-96fea278d18e7c6cf0214a15ea87ea3b.owl-carousel .entry-title {\n  margin-bottom: 5px;\n}\n.blog-shortcode.blog-masonry-shortcode-id-96fea278d18e7c6cf0214a15ea87ea3b .entry-meta {\n  margin-bottom: 15px;\n}\n.blog-shortcode.blog-masonry-shortcode-id-96fea278d18e7c6cf0214a15ea87ea3b .portfolio-categories {\n  margin-bottom: 15px;\n}\n.blog-shortcode.blog-masonry-shortcode-id-96fea278d18e7c6cf0214a15ea87ea3b .entry-excerpt {\n  margin-bottom: 5px;\n}\n.blog-shortcode.blog-masonry-shortcode-id-96fea278d18e7c6cf0214a15ea87ea3b:not(.centered-layout-list) .post-entry-content {\n  padding: 15px 15px 15px 15px;\n}\n.blog-shortcode.blog-masonry-shortcode-id-96fea278d18e7c6cf0214a15ea87ea3b:not(.centered-layout-list):not(.content-bg-on):not(.mode-list) .no-img .post-entry-content {\n  padding: 0;\n}\n@media screen and (max-width: ) {\n  .blog-shortcode.blog-masonry-shortcode-id-96fea278d18e7c6cf0214a15ea87ea3b article {\n    -ms-flex-flow: column nowrap;\n    flex-flow: column nowrap;\n    margin-top: 20px;\n  }\n  .blog-shortcode.blog-masonry-shortcode-id-96fea278d18e7c6cf0214a15ea87ea3b.dividers-on article {\n    border: none;\n  }\n  .blog-shortcode.blog-masonry-shortcode-id-96fea278d18e7c6cf0214a15ea87ea3b.content-bg-on.centered-layout-list article {\n    padding: 0;\n  }\n  .blog-shortcode.blog-masonry-shortcode-id-96fea278d18e7c6cf0214a15ea87ea3b.blog-shortcode.dividers-on article,\n  .blog-shortcode.blog-masonry-shortcode-id-96fea278d18e7c6cf0214a15ea87ea3b.dividers-on.classic-layout-list article {\n    margin-top: 20px;\n    padding: 0;\n  }\n  .blog-shortcode.blog-masonry-shortcode-id-96fea278d18e7c6cf0214a15ea87ea3b.blog-shortcode.dividers-on article:first-of-type,\n  .blog-shortcode.blog-masonry-shortcode-id-96fea278d18e7c6cf0214a15ea87ea3b.dividers-on.classic-layout-list article:first-of-type {\n    padding: 0;\n  }\n  #page .blog-shortcode.blog-masonry-shortcode-id-96fea278d18e7c6cf0214a15ea87ea3b .post-thumbnail-wrap,\n  #page .blog-shortcode.blog-masonry-shortcode-id-96fea278d18e7c6cf0214a15ea87ea3b .post-entry-content {\n    width: 100%;\n    margin: 0;\n    top: 0;\n  }\n  #page .blog-shortcode.blog-masonry-shortcode-id-96fea278d18e7c6cf0214a15ea87ea3b .post-thumbnail-wrap {\n    padding: 0;\n  }\n  #page .blog-shortcode.blog-masonry-shortcode-id-96fea278d18e7c6cf0214a15ea87ea3b .post-entry-content:after {\n    display: none;\n  }\n  #page .blog-shortcode.blog-masonry-shortcode-id-96fea278d18e7c6cf0214a15ea87ea3b .project-even .post-thumbnail-wrap,\n  #page .blog-shortcode.blog-masonry-shortcode-id-96fea278d18e7c6cf0214a15ea87ea3b.centered-layout-list .post-thumbnail-wrap {\n    -ms-flex-order: 0;\n    order: 0;\n  }\n  #page .blog-shortcode.blog-masonry-shortcode-id-96fea278d18e7c6cf0214a15ea87ea3b.centered-layout-list .post-entry-title-content {\n    -ms-flex-order: 1;\n    order: 1;\n    width: 100%;\n    padding: 20px 20px 0;\n  }\n  #page .blog-shortcode.blog-masonry-shortcode-id-96fea278d18e7c6cf0214a15ea87ea3b.centered-layout-list .post-entry-content {\n    -ms-flex-order: 2;\n    order: 2;\n    padding-top: 0;\n  }\n  #page .blog-shortcode.blog-masonry-shortcode-id-96fea278d18e7c6cf0214a15ea87ea3b .fancy-categories {\n    top: 10px;\n    left: 10px;\n    bottom: auto;\n    right: auto;\n  }\n  #page .blog-shortcode.blog-masonry-shortcode-id-96fea278d18e7c6cf0214a15ea87ea3b .fancy-date a {\n    top: 10px;\n    right: 10px;\n    left: auto;\n    bottom: auto;\n  }\n  #page .blog-shortcode.blog-masonry-shortcode-id-96fea278d18e7c6cf0214a15ea87ea3b .post-entry-content {\n    padding: 20px;\n  }\n  #page .blog-shortcode.blog-masonry-shortcode-id-96fea278d18e7c6cf0214a15ea87ea3b .entry-title {\n    margin: 3px 0 5px;\n    font-size: 20px;\n    line-height: 26px;\n  }\n  #page .blog-shortcode.blog-masonry-shortcode-id-96fea278d18e7c6cf0214a15ea87ea3b .entry-meta {\n    margin: 5px 0 5px;\n  }\n  #page .blog-shortcode.blog-masonry-shortcode-id-96fea278d18e7c6cf0214a15ea87ea3b .entry-excerpt {\n    margin: 15px 0 0;\n  }\n  #page .blog-shortcode.blog-masonry-shortcode-id-96fea278d18e7c6cf0214a15ea87ea3b .post-details {\n    margin: 5px 0 10px;\n  }\n  #page .blog-shortcode.blog-masonry-shortcode-id-96fea278d18e7c6cf0214a15ea87ea3b .post-details.details-type-link {\n    margin-bottom: 2px;\n  }\n}\n.blog-shortcode.blog-masonry-shortcode-id-96fea278d18e7c6cf0214a15ea87ea3b:not(.resize-by-browser-width) .dt-css-grid {\n  grid-row-gap: 60px;\n  grid-column-gap: 60px;\n  grid-template-columns: repeat(auto-fill,minmax(,1fr));\n}\n.blog-shortcode.blog-masonry-shortcode-id-96fea278d18e7c6cf0214a15ea87ea3b:not(.resize-by-browser-width) .dt-css-grid .double-width {\n  grid-column: span 2;\n}\n.cssgridlegacy.no-cssgrid .blog-shortcode.blog-masonry-shortcode-id-96fea278d18e7c6cf0214a15ea87ea3b:not(.resize-by-browser-width) .dt-css-grid,\n.no-cssgridlegacy.no-cssgrid .blog-shortcode.blog-masonry-shortcode-id-96fea278d18e7c6cf0214a15ea87ea3b:not(.resize-by-browser-width) .dt-css-grid {\n  display: flex;\n  flex-flow: row wrap;\n  margin: -30px;\n}\n.cssgridlegacy.no-cssgrid .blog-shortcode.blog-masonry-shortcode-id-96fea278d18e7c6cf0214a15ea87ea3b:not(.resize-by-browser-width) .dt-css-grid .wf-cell,\n.no-cssgridlegacy.no-cssgrid .blog-shortcode.blog-masonry-shortcode-id-96fea278d18e7c6cf0214a15ea87ea3b:not(.resize-by-browser-width) .dt-css-grid .wf-cell {\n  flex: 1 0 ;\n  max-width: 100%;\n  padding: 30px;\n  box-sizing: border-box;\n}\n.blog-shortcode.blog-masonry-shortcode-id-96fea278d18e7c6cf0214a15ea87ea3b.resize-by-browser-width .dt-css-grid {\n  grid-template-columns: repeat(3,1fr);\n  grid-template-rows: auto;\n  grid-column-gap: 60px;\n  grid-row-gap: 60px;\n}\n.blog-shortcode.blog-masonry-shortcode-id-96fea278d18e7c6cf0214a15ea87ea3b.resize-by-browser-width .dt-css-grid .double-width {\n  grid-column: span 2;\n}\n.cssgridlegacy.no-cssgrid .blog-shortcode.blog-masonry-shortcode-id-96fea278d18e7c6cf0214a15ea87ea3b.resize-by-browser-width .dt-css-grid {\n  margin: -30px;\n}\n.cssgridlegacy.no-cssgrid .blog-shortcode.blog-masonry-shortcode-id-96fea278d18e7c6cf0214a15ea87ea3b.resize-by-browser-width .dt-css-grid .wf-cell {\n  width: 33.333333333333%;\n  padding: 30px;\n}\n.cssgridlegacy.no-cssgrid .blog-shortcode.blog-masonry-shortcode-id-96fea278d18e7c6cf0214a15ea87ea3b.resize-by-browser-width .dt-css-grid .wf-cell.double-width {\n  width: calc(33.333333333333%) * 2;\n}\n.blog-shortcode.blog-masonry-shortcode-id-96fea278d18e7c6cf0214a15ea87ea3b.resize-by-browser-width:not(.centered-layout-list):not(.content-bg-on) .dt-css-grid {\n  grid-row-gap: 45px;\n}\n@media screen and (max-width: 1199px) {\n  .blog-shortcode.blog-masonry-shortcode-id-96fea278d18e7c6cf0214a15ea87ea3b.resize-by-browser-width .dt-css-grid {\n    grid-template-columns: repeat(3,1fr);\n  }\n  .cssgridlegacy.no-cssgrid .blog-shortcode.blog-masonry-shortcode-id-96fea278d18e7c6cf0214a15ea87ea3b.resize-by-browser-width .dt-css-grid .wf-cell,\n  .no-cssgridlegacy.no-cssgrid .blog-shortcode.blog-masonry-shortcode-id-96fea278d18e7c6cf0214a15ea87ea3b.resize-by-browser-width .dt-css-grid .wf-cell {\n    width: 33.333333333333%;\n  }\n  .cssgridlegacy.no-cssgrid .blog-shortcode.blog-masonry-shortcode-id-96fea278d18e7c6cf0214a15ea87ea3b.resize-by-browser-width .dt-css-grid .wf-cell.double-width,\n  .no-cssgridlegacy.no-cssgrid .blog-shortcode.blog-masonry-shortcode-id-96fea278d18e7c6cf0214a15ea87ea3b.resize-by-browser-width .dt-css-grid .wf-cell.double-width {\n    width: calc(33.333333333333%)*2;\n  }\n}\n@media screen and (max-width: 991px) {\n  .blog-shortcode.blog-masonry-shortcode-id-96fea278d18e7c6cf0214a15ea87ea3b.resize-by-browser-width .dt-css-grid {\n    grid-template-columns: repeat(2,1fr);\n  }\n  .cssgridlegacy.no-cssgrid .blog-shortcode.blog-masonry-shortcode-id-96fea278d18e7c6cf0214a15ea87ea3b.resize-by-browser-width .dt-css-grid .wf-cell,\n  .no-cssgridlegacy.no-cssgrid .blog-shortcode.blog-masonry-shortcode-id-96fea278d18e7c6cf0214a15ea87ea3b.resize-by-browser-width .dt-css-grid .wf-cell {\n    width: 50%;\n  }\n  .cssgridlegacy.no-cssgrid .blog-shortcode.blog-masonry-shortcode-id-96fea278d18e7c6cf0214a15ea87ea3b.resize-by-browser-width .dt-css-grid .wf-cell.double-width,\n  .no-cssgridlegacy.no-cssgrid .blog-shortcode.blog-masonry-shortcode-id-96fea278d18e7c6cf0214a15ea87ea3b.resize-by-browser-width .dt-css-grid .wf-cell.double-width {\n    width: calc(50%)*2;\n  }\n}\n@media screen and (max-width: 767px) {\n  .blog-shortcode.blog-masonry-shortcode-id-96fea278d18e7c6cf0214a15ea87ea3b.resize-by-browser-width .dt-css-grid {\n    grid-template-columns: repeat(1,1fr);\n  }\n  .blog-shortcode.blog-masonry-shortcode-id-96fea278d18e7c6cf0214a15ea87ea3b.resize-by-browser-width .dt-css-grid .double-width {\n    grid-column: span 1;\n  }\n  .cssgridlegacy.no-cssgrid .blog-shortcode.blog-masonry-shortcode-id-96fea278d18e7c6cf0214a15ea87ea3b.resize-by-browser-width .dt-css-grid .wf-cell,\n  .no-cssgridlegacy.no-cssgrid .blog-shortcode.blog-masonry-shortcode-id-96fea278d18e7c6cf0214a15ea87ea3b.resize-by-browser-width .dt-css-grid .wf-cell {\n    width: 100%;\n  }\n  .cssgridlegacy.no-cssgrid .blog-shortcode.blog-masonry-shortcode-id-96fea278d18e7c6cf0214a15ea87ea3b.resize-by-browser-width .dt-css-grid .wf-cell.double-width,\n  .no-cssgridlegacy.no-cssgrid .blog-shortcode.blog-masonry-shortcode-id-96fea278d18e7c6cf0214a15ea87ea3b.resize-by-browser-width .dt-css-grid .wf-cell.double-width {\n    width: calc(100%)*2;\n  }\n}\n<\/style><div class=\"blog-shortcode blog-masonry-shortcode-id-96fea278d18e7c6cf0214a15ea87ea3b mode-grid classic-layout-list content-bg-on jquery-filter content-align-center scale-img dt-css-grid-wrap enable-bg-rollover dt-icon-bg-off resize-by-browser-width loading-effect-fall-perspective description-under-image \" data-padding=\"30px\" data-cur-page=\"1\" data-post-limit=\"12\" data-pagination-mode=\"load-more\" data-desktop-columns-num=\"3\" data-v-tablet-columns-num=\"2\" data-h-tablet-columns-num=\"3\" data-phone-columns-num=\"1\" data-width=\"0px\" data-columns=\"0\"><div class=\"dt-css-grid\" ><div class=\"visible wf-cell\" data-post-id=\"3679\" data-date=\"2025-09-16T15:16:00+02:00\" data-name=\"PM OIL&amp;STEEL with TADANO at the GIS EXPO 2025\"><article class=\"post project-odd visible no-img post-3679 type-post status-publish format-standard hentry category-news category-1\" data-name=\"PM OIL&amp;STEEL with TADANO at the GIS EXPO 2025\" data-date=\"2025-09-16T15:16:00+02:00\">\n\n<div class=\"post-entry-content\">\n\n\t<h3 class=\"entry-title\">\n\t\t<a href=\"https:\/\/www.pm-group.eu\/fr\/pm-oilsteel-with-tadano-at-the-gis-expo-2025\/\" title=\"PM OIL&amp;STEEL with TADANO at the GIS EXPO 2025\" rel=\"bookmark\">PM OIL&amp;STEEL with TADANO at the GIS EXPO 2025<\/a>\n\t<\/h3>\n\n\t<div class=\"entry-meta\"><a href=\"https:\/\/www.pm-group.eu\/fr\/2025\/09\/16\/\" title=\"15:16\" class=\"data-link\" rel=\"bookmark\"><time class=\"entry-date updated\" datetime=\"2025-09-16T15:16:00+02:00\">16 septembre, 2025<\/time><\/a><\/div>\n\t<div class=\"entry-excerpt\"><p>We are pleased to announce that PM and Oil &amp; Steel will be exhibiting together with Tadano at GIS Expo 2025<\/p>\n<\/div>\n\t\n<a href=\"https:\/\/www.pm-group.eu\/fr\/pm-oilsteel-with-tadano-at-the-gis-expo-2025\/\" class=\"post-details details-type-link\" aria-label=\"Read more about PM OIL&amp;STEEL with TADANO at the GIS EXPO 2025\" rel=\"nofollow\">Leggi di pi\u00f9<i class=\"dt-icon-the7-arrow-03\" aria-hidden=\"true\"><\/i><\/a>\n\n<\/div><\/article><\/div><div class=\"visible wf-cell\" data-post-id=\"3629\" data-date=\"2025-02-18T11:38:35+01:00\" data-name=\"PM OIL&amp;STEEL spa at Bauma 2025: Reaching New Heights\"><article class=\"post project-odd visible post-3629 type-post status-publish format-standard has-post-thumbnail hentry category-news category-1\" data-name=\"PM OIL&amp;STEEL spa at Bauma 2025: Reaching New Heights\" data-date=\"2025-02-18T11:38:35+01:00\">\n\n<div class=\"post-thumbnail-wrap\">\n\t<div class=\"post-thumbnail\">\n\t\t\n\t\t\n\t\t<a href=\"https:\/\/www.pm-group.eu\/fr\/pm-oilsteel-spa-at-bauma-2025-reaching-new-heights\/\" class=\"post-thumbnail-rollover layzr-bg layzr-bg\" ><img class=\"iso-lazy-load preload-me iso-lazy-load\" src=\"data:image\/svg+xml,%3Csvg%20xmlns%3D&#39;http%3A%2F%2Fwww.w3.org%2F2000%2Fsvg&#39;%20viewBox%3D&#39;0%200%20768%20768&#39;%2F%3E\" data-src=\"https:\/\/www.pm-group.eu\/fr\/wp-content\/uploads\/sites\/3\/2025\/02\/PM_Bauma-768x768.jpg\" data-srcset=\"https:\/\/www.pm-group.eu\/fr\/wp-content\/uploads\/sites\/3\/2025\/02\/PM_Bauma-768x768.jpg 768w, https:\/\/www.pm-group.eu\/fr\/wp-content\/uploads\/sites\/3\/2025\/02\/PM_Bauma.jpg 1080w\" alt=\"\" title=\"PM_Bauma\" width=\"768\" height=\"768\"  \/><\/a>\t<\/div>\n<\/div>\n\n\n<div class=\"post-entry-content\">\n\n\t<h3 class=\"entry-title\">\n\t\t<a href=\"https:\/\/www.pm-group.eu\/fr\/pm-oilsteel-spa-at-bauma-2025-reaching-new-heights\/\" title=\"PM OIL&amp;STEEL spa at Bauma 2025: Reaching New Heights\" rel=\"bookmark\">PM OIL&amp;STEEL spa at Bauma 2025: Reaching New Heights<\/a>\n\t<\/h3>\n\n\t<div class=\"entry-meta\"><a href=\"https:\/\/www.pm-group.eu\/fr\/2025\/02\/18\/\" title=\"11:38\" class=\"data-link\" rel=\"bookmark\"><time class=\"entry-date updated\" datetime=\"2025-02-18T11:38:35+01:00\">18 f\u00e9vrier, 2025<\/time><\/a><\/div>\n\t<div class=\"entry-excerpt\"><p>[vc_row][vc_column][vc_column_text] We are pleased to announce the presence of PM OIL&amp;STEEL at Bauma 2025, the world&rsquo;s largest industrial trade fair, which will take place in Munich from 7 to 13\u2026<\/p>\n<\/div>\n\t\n<a href=\"https:\/\/www.pm-group.eu\/fr\/pm-oilsteel-spa-at-bauma-2025-reaching-new-heights\/\" class=\"post-details details-type-link\" aria-label=\"Read more about PM OIL&amp;STEEL spa at Bauma 2025: Reaching New Heights\" rel=\"nofollow\">Leggi di pi\u00f9<i class=\"dt-icon-the7-arrow-03\" aria-hidden=\"true\"><\/i><\/a>\n\n<\/div><\/article><\/div><div class=\"visible wf-cell\" data-post-id=\"3622\" data-date=\"2025-01-16T16:30:40+01:00\" data-name=\"A New Chapter Begins!\"><article class=\"post project-odd visible post-3622 type-post status-publish format-standard has-post-thumbnail hentry category-news category-1\" data-name=\"A New Chapter Begins!\" data-date=\"2025-01-16T16:30:40+01:00\">\n\n<div class=\"post-thumbnail-wrap\">\n\t<div class=\"post-thumbnail\">\n\t\t\n\t\t\n\t\t<a href=\"https:\/\/www.pm-group.eu\/fr\/a-new-chapter-begins\/\" class=\"post-thumbnail-rollover layzr-bg layzr-bg\" ><img class=\"iso-lazy-load preload-me iso-lazy-load\" src=\"data:image\/svg+xml,%3Csvg%20xmlns%3D&#39;http%3A%2F%2Fwww.w3.org%2F2000%2Fsvg&#39;%20viewBox%3D&#39;0%200%20768%20768&#39;%2F%3E\" data-src=\"https:\/\/www.pm-group.eu\/fr\/wp-content\/uploads\/sites\/3\/2025\/01\/PM_CS_Tadano-768x768.png\" data-srcset=\"https:\/\/www.pm-group.eu\/fr\/wp-content\/uploads\/sites\/3\/2025\/01\/PM_CS_Tadano-768x768.png 768w, https:\/\/www.pm-group.eu\/fr\/wp-content\/uploads\/sites\/3\/2025\/01\/PM_CS_Tadano.png 1080w\" alt=\"\" title=\"PM_CS_Tadano\" width=\"768\" height=\"768\"  \/><\/a>\t<\/div>\n<\/div>\n\n\n<div class=\"post-entry-content\">\n\n\t<h3 class=\"entry-title\">\n\t\t<a href=\"https:\/\/www.pm-group.eu\/fr\/a-new-chapter-begins\/\" title=\"A New Chapter Begins!\" rel=\"bookmark\">A New Chapter Begins!<\/a>\n\t<\/h3>\n\n\t<div class=\"entry-meta\"><a href=\"https:\/\/www.pm-group.eu\/fr\/2025\/01\/16\/\" title=\"16:30\" class=\"data-link\" rel=\"bookmark\"><time class=\"entry-date updated\" datetime=\"2025-01-16T16:30:40+01:00\">16 janvier, 2025<\/time><\/a><\/div>\n\t<div class=\"entry-excerpt\"><p>[vc_row][vc_column][vc_column_text]Dear valued Manitex customer, We are excited to start off the new year welcoming you, as a loyal Manitex International customer, to Tadano. As you may have heard, on January\u2026<\/p>\n<\/div>\n\t\n<a href=\"https:\/\/www.pm-group.eu\/fr\/a-new-chapter-begins\/\" class=\"post-details details-type-link\" aria-label=\"Read more about A New Chapter Begins!\" rel=\"nofollow\">Leggi di pi\u00f9<i class=\"dt-icon-the7-arrow-03\" aria-hidden=\"true\"><\/i><\/a>\n\n<\/div><\/article><\/div><div class=\"visible wf-cell\" data-post-id=\"3603\" data-date=\"2024-11-27T15:57:36+01:00\" data-name=\"Revolutionary restyling to mark the new era of the PM 100 SP\"><article class=\"post project-odd visible post-3603 type-post status-publish format-standard has-post-thumbnail hentry category-news category-1\" data-name=\"Revolutionary restyling to mark the new era of the PM 100 SP\" data-date=\"2024-11-27T15:57:36+01:00\">\n\n<div class=\"post-thumbnail-wrap\">\n\t<div class=\"post-thumbnail\">\n\t\t\n\t\t\n\t\t<a href=\"https:\/\/www.pm-group.eu\/fr\/revolutionary-restyling-to-mark-the-new-era-of-the-pm-100-sp\/\" class=\"post-thumbnail-rollover layzr-bg layzr-bg\" ><img class=\"iso-lazy-load preload-me iso-lazy-load\" src=\"data:image\/svg+xml,%3Csvg%20xmlns%3D&#39;http%3A%2F%2Fwww.w3.org%2F2000%2Fsvg&#39;%20viewBox%3D&#39;0%200%20768%20768&#39;%2F%3E\" data-src=\"https:\/\/www.pm-group.eu\/fr\/wp-content\/uploads\/sites\/3\/2024\/11\/pm100-768x768.jpg\" data-srcset=\"https:\/\/www.pm-group.eu\/fr\/wp-content\/uploads\/sites\/3\/2024\/11\/pm100-768x768.jpg 768w, https:\/\/www.pm-group.eu\/fr\/wp-content\/uploads\/sites\/3\/2024\/11\/pm100-1152x1152.jpg 1152w\" alt=\"\" title=\"pm100\" width=\"768\" height=\"768\"  \/><\/a>\t<\/div>\n<\/div>\n\n\n<div class=\"post-entry-content\">\n\n\t<h3 class=\"entry-title\">\n\t\t<a href=\"https:\/\/www.pm-group.eu\/fr\/revolutionary-restyling-to-mark-the-new-era-of-the-pm-100-sp\/\" title=\"Revolutionary restyling to mark the new era of the PM 100 SP\" rel=\"bookmark\">Revolutionary restyling to mark the new era of the PM 100 SP<\/a>\n\t<\/h3>\n\n\t<div class=\"entry-meta\"><a href=\"https:\/\/www.pm-group.eu\/fr\/2024\/11\/27\/\" title=\"15:57\" class=\"data-link\" rel=\"bookmark\"><time class=\"entry-date updated\" datetime=\"2024-11-27T15:57:36+01:00\">27 novembre, 2024<\/time><\/a><\/div>\n\t<div class=\"entry-excerpt\"><p>[vc_row][vc_column][vc_column_text]Many people often associate words like renewal and evolution with straightforward marketing operations. For PM, however, they form part of a specific vision and a practical mission, aimed at overcoming\u2026<\/p>\n<\/div>\n\t\n<a href=\"https:\/\/www.pm-group.eu\/fr\/revolutionary-restyling-to-mark-the-new-era-of-the-pm-100-sp\/\" class=\"post-details details-type-link\" aria-label=\"Read more about Revolutionary restyling to mark the new era of the PM 100 SP\" rel=\"nofollow\">Leggi di pi\u00f9<i class=\"dt-icon-the7-arrow-03\" aria-hidden=\"true\"><\/i><\/a>\n\n<\/div><\/article><\/div><div class=\"visible wf-cell\" data-post-id=\"3595\" data-date=\"2024-11-21T15:19:36+01:00\" data-name=\"PM 210 SP \u00e0 la conqu\u00eate de l&#039;Italie.\"><article class=\"post project-odd visible post-3595 type-post status-publish format-standard has-post-thumbnail hentry category-news category-1\" data-name=\"PM 210 SP \u00e0 la conqu\u00eate de l&#039;Italie.\" data-date=\"2024-11-21T15:19:36+01:00\">\n\n<div class=\"post-thumbnail-wrap\">\n\t<div class=\"post-thumbnail\">\n\t\t\n\t\t\n\t\t<a href=\"https:\/\/www.pm-group.eu\/fr\/pm-210-sp-a-la-conquete-de-litalie\/\" class=\"post-thumbnail-rollover layzr-bg layzr-bg\" ><img class=\"iso-lazy-load preload-me iso-lazy-load\" src=\"data:image\/svg+xml,%3Csvg%20xmlns%3D&#39;http%3A%2F%2Fwww.w3.org%2F2000%2Fsvg&#39;%20viewBox%3D&#39;0%200%20768%20768&#39;%2F%3E\" data-src=\"https:\/\/www.pm-group.eu\/fr\/wp-content\/uploads\/sites\/3\/2024\/11\/IMG_4243-768x768.jpeg\" data-srcset=\"https:\/\/www.pm-group.eu\/fr\/wp-content\/uploads\/sites\/3\/2024\/11\/IMG_4243-768x768.jpeg 768w, https:\/\/www.pm-group.eu\/fr\/wp-content\/uploads\/sites\/3\/2024\/11\/IMG_4243-774x774.jpeg 774w\" alt=\"\" title=\"IMG_4243\" width=\"768\" height=\"768\"  \/><\/a>\t<\/div>\n<\/div>\n\n\n<div class=\"post-entry-content\">\n\n\t<h3 class=\"entry-title\">\n\t\t<a href=\"https:\/\/www.pm-group.eu\/fr\/pm-210-sp-a-la-conquete-de-litalie\/\" title=\"PM 210 SP \u00e0 la conqu\u00eate de l&#039;Italie.\" rel=\"bookmark\">PM 210 SP \u00e0 la conqu\u00eate de l'Italie.<\/a>\n\t<\/h3>\n\n\t<div class=\"entry-meta\"><a href=\"https:\/\/www.pm-group.eu\/fr\/2024\/11\/21\/\" title=\"15:19\" class=\"data-link\" rel=\"bookmark\"><time class=\"entry-date updated\" datetime=\"2024-11-21T15:19:36+01:00\">21 novembre, 2024<\/time><\/a><\/div>\n\t<div class=\"entry-excerpt\"><p>[vc_row][vc_column][vc_column_text] Notre mission a toujours \u00e9t\u00e9 d&rsquo;interpr\u00e9ter et de r\u00e9pondre aux demandes d&rsquo;un march\u00e9 en constante \u00e9volution, chacune avec ses sp\u00e9cificit\u00e9s, client par client. La vaste gamme de grues PM\u2026<\/p>\n<\/div>\n\t\n<a href=\"https:\/\/www.pm-group.eu\/fr\/pm-210-sp-a-la-conquete-de-litalie\/\" class=\"post-details details-type-link\" aria-label=\"Read more about PM 210 SP \u00e0 la conqu\u00eate de l&#039;Italie.\" rel=\"nofollow\">Leggi di pi\u00f9<i class=\"dt-icon-the7-arrow-03\" aria-hidden=\"true\"><\/i><\/a>\n\n<\/div><\/article><\/div><div class=\"visible wf-cell\" data-post-id=\"3553\" data-date=\"2024-07-25T15:23:29+02:00\" data-name=\"Pm 15.5 p: the rebirth of a classic\"><article class=\"post project-odd visible post-3553 type-post status-publish format-standard has-post-thumbnail hentry category-news category-1\" data-name=\"Pm 15.5 p: the rebirth of a classic\" data-date=\"2024-07-25T15:23:29+02:00\">\n\n<div class=\"post-thumbnail-wrap\">\n\t<div class=\"post-thumbnail\">\n\t\t\n\t\t\n\t\t<a href=\"https:\/\/www.pm-group.eu\/fr\/pm-15-5-p-the-rebirth-of-a-classic\/\" class=\"post-thumbnail-rollover layzr-bg layzr-bg\" ><img class=\"iso-lazy-load preload-me iso-lazy-load\" src=\"data:image\/svg+xml,%3Csvg%20xmlns%3D&#39;http%3A%2F%2Fwww.w3.org%2F2000%2Fsvg&#39;%20viewBox%3D&#39;0%200%20750%20750&#39;%2F%3E\" data-src=\"https:\/\/www.pm-group.eu\/fr\/wp-content\/uploads\/sites\/3\/2024\/07\/preview_pm.jpg\" data-srcset=\"https:\/\/www.pm-group.eu\/fr\/wp-content\/uploads\/sites\/3\/2024\/07\/preview_pm.jpg 750w\" alt=\"\" title=\"preview_pm\" width=\"750\" height=\"750\"  \/><\/a>\t<\/div>\n<\/div>\n\n\n<div class=\"post-entry-content\">\n\n\t<h3 class=\"entry-title\">\n\t\t<a href=\"https:\/\/www.pm-group.eu\/fr\/pm-15-5-p-the-rebirth-of-a-classic\/\" title=\"Pm 15.5 p: the rebirth of a classic\" rel=\"bookmark\">Pm 15.5 p: the rebirth of a classic<\/a>\n\t<\/h3>\n\n\t<div class=\"entry-meta\"><a href=\"https:\/\/www.pm-group.eu\/fr\/2024\/07\/25\/\" title=\"15:23\" class=\"data-link\" rel=\"bookmark\"><time class=\"entry-date updated\" datetime=\"2024-07-25T15:23:29+02:00\">25 juillet, 2024<\/time><\/a><\/div>\n\t<div class=\"entry-excerpt\"><p>[vc_row][vc_column][vc_column_text]The PM 15.5 P, the evolution of the PM 15.5\u2014one of the most cherished models within the PM range\u2014is now available on the market. This model has achieved remarkable success,\u2026<\/p>\n<\/div>\n\t\n<a href=\"https:\/\/www.pm-group.eu\/fr\/pm-15-5-p-the-rebirth-of-a-classic\/\" class=\"post-details details-type-link\" aria-label=\"Read more about Pm 15.5 p: the rebirth of a classic\" rel=\"nofollow\">Leggi di pi\u00f9<i class=\"dt-icon-the7-arrow-03\" aria-hidden=\"true\"><\/i><\/a>\n\n<\/div><\/article><\/div><div class=\"visible wf-cell\" data-post-id=\"3543\" data-date=\"2024-04-15T11:03:10+02:00\" data-name=\"PM Oil&amp;Steel obtains ISO 5001 Certification for the Energy Management System.\"><article class=\"post project-odd visible post-3543 type-post status-publish format-standard has-post-thumbnail hentry category-news category-1\" data-name=\"PM Oil&amp;Steel obtains ISO 5001 Certification for the Energy Management System.\" data-date=\"2024-04-15T11:03:10+02:00\">\n\n<div class=\"post-thumbnail-wrap\">\n\t<div class=\"post-thumbnail\">\n\t\t\n\t\t\n\t\t<a href=\"https:\/\/www.pm-group.eu\/fr\/pm-oilsteel-obtains-iso-5001-certification-for-the-energy-management-system\/\" class=\"post-thumbnail-rollover layzr-bg layzr-bg\" ><img class=\"iso-lazy-load preload-me iso-lazy-load\" src=\"data:image\/svg+xml,%3Csvg%20xmlns%3D&#39;http%3A%2F%2Fwww.w3.org%2F2000%2Fsvg&#39;%20viewBox%3D&#39;0%200%20768%20768&#39;%2F%3E\" data-src=\"https:\/\/www.pm-group.eu\/fr\/wp-content\/uploads\/sites\/3\/2024\/04\/PMOS_ISO_01-768x768.png\" data-srcset=\"https:\/\/www.pm-group.eu\/fr\/wp-content\/uploads\/sites\/3\/2024\/04\/PMOS_ISO_01-768x768.png 768w, https:\/\/www.pm-group.eu\/fr\/wp-content\/uploads\/sites\/3\/2024\/04\/PMOS_ISO_01.png 1080w\" alt=\"\" title=\"PMOS_ISO_01\" width=\"768\" height=\"768\"  \/><\/a>\t<\/div>\n<\/div>\n\n\n<div class=\"post-entry-content\">\n\n\t<h3 class=\"entry-title\">\n\t\t<a href=\"https:\/\/www.pm-group.eu\/fr\/pm-oilsteel-obtains-iso-5001-certification-for-the-energy-management-system\/\" title=\"PM Oil&amp;Steel obtains ISO 5001 Certification for the Energy Management System.\" rel=\"bookmark\">PM Oil&amp;Steel obtains ISO 5001 Certification for the Energy Management System.<\/a>\n\t<\/h3>\n\n\t<div class=\"entry-meta\"><a href=\"https:\/\/www.pm-group.eu\/fr\/2024\/04\/15\/\" title=\"11:03\" class=\"data-link\" rel=\"bookmark\"><time class=\"entry-date updated\" datetime=\"2024-04-15T11:03:10+02:00\">15 avril, 2024<\/time><\/a><\/div>\n\t<div class=\"entry-excerpt\"><p>[vc_row][vc_column][vc_column_text]Following certifications for quality, workplace safety, and environmental management, the achievement of the ISO 50001 certification, issued by the International Organization for Standardization, demonstrates the seriousness of the commitments we\u2026<\/p>\n<\/div>\n\t\n<a href=\"https:\/\/www.pm-group.eu\/fr\/pm-oilsteel-obtains-iso-5001-certification-for-the-energy-management-system\/\" class=\"post-details details-type-link\" aria-label=\"Read more about PM Oil&amp;Steel obtains ISO 5001 Certification for the Energy Management System.\" rel=\"nofollow\">Leggi di pi\u00f9<i class=\"dt-icon-the7-arrow-03\" aria-hidden=\"true\"><\/i><\/a>\n\n<\/div><\/article><\/div><div class=\"visible wf-cell\" data-post-id=\"3234\" data-date=\"2023-11-28T14:45:15+01:00\" data-name=\"83.5 SP - Le g\u00e9ant compact qui vise le sommet\"><article class=\"post project-odd visible post-3234 type-post status-publish format-standard has-post-thumbnail hentry category-news category-1\" data-name=\"83.5 SP - Le g\u00e9ant compact qui vise le sommet\" data-date=\"2023-11-28T14:45:15+01:00\">\n\n<div class=\"post-thumbnail-wrap\">\n\t<div class=\"post-thumbnail\">\n\t\t\n\t\t\n\t\t<a href=\"https:\/\/www.pm-group.eu\/fr\/le-geant-compact-qui-vise-le-sommet\/\" class=\"post-thumbnail-rollover layzr-bg layzr-bg\" ><img class=\"iso-lazy-load preload-me iso-lazy-load\" src=\"data:image\/svg+xml,%3Csvg%20xmlns%3D&#39;http%3A%2F%2Fwww.w3.org%2F2000%2Fsvg&#39;%20viewBox%3D&#39;0%200%20729%20729&#39;%2F%3E\" data-src=\"https:\/\/www.pm-group.eu\/fr\/wp-content\/uploads\/sites\/3\/2023\/11\/83.5-SP-729x729.jpg\" data-srcset=\"https:\/\/www.pm-group.eu\/fr\/wp-content\/uploads\/sites\/3\/2023\/11\/83.5-SP-729x729.jpg 729w\" alt=\"\" title=\"83.5 SP\" width=\"729\" height=\"729\"  \/><\/a>\t<\/div>\n<\/div>\n\n\n<div class=\"post-entry-content\">\n\n\t<h3 class=\"entry-title\">\n\t\t<a href=\"https:\/\/www.pm-group.eu\/fr\/le-geant-compact-qui-vise-le-sommet\/\" title=\"83.5 SP - Le g\u00e9ant compact qui vise le sommet\" rel=\"bookmark\">83.5 SP - Le g\u00e9ant compact qui vise le sommet<\/a>\n\t<\/h3>\n\n\t<div class=\"entry-meta\"><a href=\"https:\/\/www.pm-group.eu\/fr\/2023\/11\/28\/\" title=\"14:45\" class=\"data-link\" rel=\"bookmark\"><time class=\"entry-date updated\" datetime=\"2023-11-28T14:45:15+01:00\">28 novembre, 2023<\/time><\/a><\/div>\n\t<div class=\"entry-excerpt\"><p>[vc_row][vc_column][vc_column_text]Forts des excellents commentaires re\u00e7us \u00e0 l&rsquo;occasion de la pr\u00e9sentation officielle au GIS EXPO 2023, nous souhaitons d\u00e9crire en d\u00e9tail la nouvelle et importante \u00e9tape d&rsquo;\u00e9volution, qui s&rsquo;int\u00e8gre parfaitement dans\u2026<\/p>\n<\/div>\n\t\n<a href=\"https:\/\/www.pm-group.eu\/fr\/le-geant-compact-qui-vise-le-sommet\/\" class=\"post-details details-type-link\" aria-label=\"Read more about 83.5 SP - Le g\u00e9ant compact qui vise le sommet\" rel=\"nofollow\">Leggi di pi\u00f9<i class=\"dt-icon-the7-arrow-03\" aria-hidden=\"true\"><\/i><\/a>\n\n<\/div><\/article><\/div><div class=\"visible wf-cell\" data-post-id=\"3202\" data-date=\"2023-09-19T12:10:40+02:00\" data-name=\"Les nouvelles promesses gagnantes de l&#039;innovation.\"><article class=\"post project-odd visible no-img post-3202 type-post status-publish format-standard hentry category-news category-1\" data-name=\"Les nouvelles promesses gagnantes de l&#039;innovation.\" data-date=\"2023-09-19T12:10:40+02:00\">\n\n<div class=\"post-entry-content\">\n\n\t<h3 class=\"entry-title\">\n\t\t<a href=\"https:\/\/www.pm-group.eu\/fr\/las-nuevas-promesas-ganadoras-de-la-innovacion\/\" title=\"Les nouvelles promesses gagnantes de l&#039;innovation.\" rel=\"bookmark\">Les nouvelles promesses gagnantes de l'innovation.<\/a>\n\t<\/h3>\n\n\t<div class=\"entry-meta\"><a href=\"https:\/\/www.pm-group.eu\/fr\/2023\/09\/19\/\" title=\"12:10\" class=\"data-link\" rel=\"bookmark\"><time class=\"entry-date updated\" datetime=\"2023-09-19T12:10:40+02:00\">19 septembre, 2023<\/time><\/a><\/div>\n\t<div class=\"entry-excerpt\"><p>[vc_row][vc_column][vc_column_text] Le GIS EXPO \u00e0 Piacenza est l&rsquo;\u00e9v\u00e9nement italien le plus important de l&rsquo;ann\u00e9e pour les professionnels du monde du levage. L&rsquo;\u00e9norme affluence de personnes qui envahit depuis des ann\u00e9es\u2026<\/p>\n<\/div>\n\t\n<a href=\"https:\/\/www.pm-group.eu\/fr\/las-nuevas-promesas-ganadoras-de-la-innovacion\/\" class=\"post-details details-type-link\" aria-label=\"Read more about Les nouvelles promesses gagnantes de l&#039;innovation.\" rel=\"nofollow\">Leggi di pi\u00f9<i class=\"dt-icon-the7-arrow-03\" aria-hidden=\"true\"><\/i><\/a>\n\n<\/div><\/article><\/div><div class=\"visible wf-cell\" data-post-id=\"3181\" data-date=\"2023-07-07T11:18:23+02:00\" data-name=\"Une fonctionnalit\u00e9 de pointe au service de l&#039;efficacit\u00e9.\"><article class=\"post project-odd visible no-img post-3181 type-post status-publish format-standard hentry category-news category-1\" data-name=\"Une fonctionnalit\u00e9 de pointe au service de l&#039;efficacit\u00e9.\" data-date=\"2023-07-07T11:18:23+02:00\">\n\n<div class=\"post-entry-content\">\n\n\t<h3 class=\"entry-title\">\n\t\t<a href=\"https:\/\/www.pm-group.eu\/fr\/une-fonctionnalite-de-pointe-au-service-de-lefficacite\/\" title=\"Une fonctionnalit\u00e9 de pointe au service de l&#039;efficacit\u00e9.\" rel=\"bookmark\">Une fonctionnalit\u00e9 de pointe au service de l'efficacit\u00e9.<\/a>\n\t<\/h3>\n\n\t<div class=\"entry-meta\"><a href=\"https:\/\/www.pm-group.eu\/fr\/2023\/07\/07\/\" title=\"11:18\" class=\"data-link\" rel=\"bookmark\"><time class=\"entry-date updated\" datetime=\"2023-07-07T11:18:23+02:00\">7 juillet, 2023<\/time><\/a><\/div>\n\t<div class=\"entry-excerpt\"><p>[vc_row][vc_column][vc_column_text] La possibilit\u00e9 d\u2019int\u00e9grer des fonctions automatiques de plus en plus avanc\u00e9es, dans le secteur des grues mont\u00e9es sur camion, devient le d\u00e9fi le plus important parmi les principaux leaders\u2026<\/p>\n<\/div>\n\t\n<a href=\"https:\/\/www.pm-group.eu\/fr\/une-fonctionnalite-de-pointe-au-service-de-lefficacite\/\" class=\"post-details details-type-link\" aria-label=\"Read more about Une fonctionnalit\u00e9 de pointe au service de l&#039;efficacit\u00e9.\" rel=\"nofollow\">Leggi di pi\u00f9<i class=\"dt-icon-the7-arrow-03\" aria-hidden=\"true\"><\/i><\/a>\n\n<\/div><\/article><\/div><div class=\"visible wf-cell\" data-post-id=\"3176\" data-date=\"2023-06-09T12:44:21+02:00\" data-name=\"La 70.5 SP - Le mariage parfait entre haute technologie et esth\u00e9tique.\"><article class=\"post project-odd visible post-3176 type-post status-publish format-standard has-post-thumbnail hentry category-news category-1\" data-name=\"La 70.5 SP - Le mariage parfait entre haute technologie et esth\u00e9tique.\" data-date=\"2023-06-09T12:44:21+02:00\">\n\n<div class=\"post-thumbnail-wrap\">\n\t<div class=\"post-thumbnail\">\n\t\t\n\t\t\n\t\t<a href=\"https:\/\/www.pm-group.eu\/fr\/la-70-5-sp-le-mariage-parfait-entre-haute-technologie-et-esthetique\/\" class=\"post-thumbnail-rollover layzr-bg layzr-bg\" ><img class=\"iso-lazy-load preload-me iso-lazy-load\" src=\"data:image\/svg+xml,%3Csvg%20xmlns%3D&#39;http%3A%2F%2Fwww.w3.org%2F2000%2Fsvg&#39;%20viewBox%3D&#39;0%200%20768%20768&#39;%2F%3E\" data-src=\"https:\/\/www.pm-group.eu\/fr\/wp-content\/uploads\/sites\/3\/2023\/03\/NT20220346-scaled-768x768.jpg\" data-srcset=\"https:\/\/www.pm-group.eu\/fr\/wp-content\/uploads\/sites\/3\/2023\/03\/NT20220346-scaled-768x768.jpg 768w, https:\/\/www.pm-group.eu\/fr\/wp-content\/uploads\/sites\/3\/2023\/03\/NT20220346-scaled-1152x1152.jpg 1152w\" alt=\"\" title=\"NT20220346\" width=\"768\" height=\"768\"  \/><\/a>\t<\/div>\n<\/div>\n\n\n<div class=\"post-entry-content\">\n\n\t<h3 class=\"entry-title\">\n\t\t<a href=\"https:\/\/www.pm-group.eu\/fr\/la-70-5-sp-le-mariage-parfait-entre-haute-technologie-et-esthetique\/\" title=\"La 70.5 SP - Le mariage parfait entre haute technologie et esth\u00e9tique.\" rel=\"bookmark\">La 70.5 SP - Le mariage parfait entre haute technologie et esth\u00e9tique.<\/a>\n\t<\/h3>\n\n\t<div class=\"entry-meta\"><a href=\"https:\/\/www.pm-group.eu\/fr\/2023\/06\/09\/\" title=\"12:44\" class=\"data-link\" rel=\"bookmark\"><time class=\"entry-date updated\" datetime=\"2023-06-09T12:44:21+02:00\">9 juin, 2023<\/time><\/a><\/div>\n\t<div class=\"entry-excerpt\"><p>[vc_row][vc_column][vc_column_text] &nbsp; La 70.5 SP repr\u00e9sente la prouesse d&rsquo;ing\u00e9nierie et de production la plus importante de ces derni\u00e8res ann\u00e9es, ayant \u00e9t\u00e9 con\u00e7ue avec le plus grand soin pour garantir un\u2026<\/p>\n<\/div>\n\t\n<a href=\"https:\/\/www.pm-group.eu\/fr\/la-70-5-sp-le-mariage-parfait-entre-haute-technologie-et-esthetique\/\" class=\"post-details details-type-link\" aria-label=\"Read more about La 70.5 SP - Le mariage parfait entre haute technologie et esth\u00e9tique.\" rel=\"nofollow\">Leggi di pi\u00f9<i class=\"dt-icon-the7-arrow-03\" aria-hidden=\"true\"><\/i><\/a>\n\n<\/div><\/article><\/div><div class=\"visible wf-cell\" data-post-id=\"3171\" data-date=\"2023-05-05T17:18:49+02:00\" data-name=\"EN 12999:2020 \u2013 The new paradigm of safety.\"><article class=\"post project-odd visible post-3171 type-post status-publish format-standard has-post-thumbnail hentry category-news category-1\" data-name=\"EN 12999:2020 \u2013 The new paradigm of safety.\" data-date=\"2023-05-05T17:18:49+02:00\">\n\n<div class=\"post-thumbnail-wrap\">\n\t<div class=\"post-thumbnail\">\n\t\t\n\t\t\n\t\t<a href=\"https:\/\/www.pm-group.eu\/fr\/en-129992020-the-new-paradigm-of-safety\/\" class=\"post-thumbnail-rollover layzr-bg layzr-bg\" ><img class=\"iso-lazy-load preload-me iso-lazy-load\" src=\"data:image\/svg+xml,%3Csvg%20xmlns%3D&#39;http%3A%2F%2Fwww.w3.org%2F2000%2Fsvg&#39;%20viewBox%3D&#39;0%200%20768%20768&#39;%2F%3E\" data-src=\"https:\/\/www.pm-group.eu\/fr\/wp-content\/uploads\/sites\/3\/2023\/03\/Manitex-International-vertical-logo-e1678438356364-768x768.png\" data-srcset=\"https:\/\/www.pm-group.eu\/fr\/wp-content\/uploads\/sites\/3\/2023\/03\/Manitex-International-vertical-logo-e1678438356364-768x768.png 768w, https:\/\/www.pm-group.eu\/fr\/wp-content\/uploads\/sites\/3\/2023\/03\/Manitex-International-vertical-logo-e1678438356364-821x821.png 821w\" alt=\"\" title=\"Manitex International vertical logo\" width=\"768\" height=\"768\"  \/><\/a>\t<\/div>\n<\/div>\n\n\n<div class=\"post-entry-content\">\n\n\t<h3 class=\"entry-title\">\n\t\t<a href=\"https:\/\/www.pm-group.eu\/fr\/en-129992020-the-new-paradigm-of-safety\/\" title=\"EN 12999:2020 \u2013 The new paradigm of safety.\" rel=\"bookmark\">EN 12999:2020 \u2013 The new paradigm of safety.<\/a>\n\t<\/h3>\n\n\t<div class=\"entry-meta\"><a href=\"https:\/\/www.pm-group.eu\/fr\/2023\/05\/05\/\" title=\"17:18\" class=\"data-link\" rel=\"bookmark\"><time class=\"entry-date updated\" datetime=\"2023-05-05T17:18:49+02:00\">5 mai, 2023<\/time><\/a><\/div>\n\t<div class=\"entry-excerpt\"><p>15 April 2023 is the date that marks the entry into force of the new standard EN 12999:2020. Its application significantly increases the safety of our truck cranes, effectively \u00ab\u00a0doubling\u00a0\u00bb\u2026<\/p>\n<\/div>\n\t\n<a href=\"https:\/\/www.pm-group.eu\/fr\/en-129992020-the-new-paradigm-of-safety\/\" class=\"post-details details-type-link\" aria-label=\"Read more about EN 12999:2020 \u2013 The new paradigm of safety.\" rel=\"nofollow\">Leggi di pi\u00f9<i class=\"dt-icon-the7-arrow-03\" aria-hidden=\"true\"><\/i><\/a>\n\n<\/div><\/article><\/div><div class=\"hidden wf-cell\" data-post-id=\"2865\" data-date=\"2023-03-10T09:52:56+01:00\" data-name=\"OUR MODELS AT CONEXPO\"><article class=\"post project-odd visible post-2865 type-post status-publish format-standard has-post-thumbnail hentry category-news category-1\" data-name=\"OUR MODELS AT CONEXPO\" data-date=\"2023-03-10T09:52:56+01:00\">\n\n<div class=\"post-thumbnail-wrap\">\n\t<div class=\"post-thumbnail\">\n\t\t\n\t\t\n\t\t<a href=\"https:\/\/www.pm-group.eu\/fr\/our-models-at-conexpo\/\" class=\"post-thumbnail-rollover layzr-bg layzr-bg\" ><img class=\"iso-lazy-load preload-me iso-lazy-load\" src=\"data:image\/svg+xml,%3Csvg%20xmlns%3D&#39;http%3A%2F%2Fwww.w3.org%2F2000%2Fsvg&#39;%20viewBox%3D&#39;0%200%20768%20768&#39;%2F%3E\" data-src=\"https:\/\/www.pm-group.eu\/fr\/wp-content\/uploads\/sites\/3\/2023\/03\/Manitex-International-vertical-logo-e1678438356364-768x768.png\" data-srcset=\"https:\/\/www.pm-group.eu\/fr\/wp-content\/uploads\/sites\/3\/2023\/03\/Manitex-International-vertical-logo-e1678438356364-768x768.png 768w, https:\/\/www.pm-group.eu\/fr\/wp-content\/uploads\/sites\/3\/2023\/03\/Manitex-International-vertical-logo-e1678438356364-821x821.png 821w\" alt=\"\" title=\"Manitex International vertical logo\" width=\"768\" height=\"768\"  \/><\/a>\t<\/div>\n<\/div>\n\n\n<div class=\"post-entry-content\">\n\n\t<h3 class=\"entry-title\">\n\t\t<a href=\"https:\/\/www.pm-group.eu\/fr\/our-models-at-conexpo\/\" title=\"OUR MODELS AT CONEXPO\" rel=\"bookmark\">OUR MODELS AT CONEXPO<\/a>\n\t<\/h3>\n\n\t<div class=\"entry-meta\"><a href=\"https:\/\/www.pm-group.eu\/fr\/2023\/03\/10\/\" title=\"09:52\" class=\"data-link\" rel=\"bookmark\"><time class=\"entry-date updated\" datetime=\"2023-03-10T09:52:56+01:00\">10 mars, 2023<\/time><\/a><\/div>\n\t<div class=\"entry-excerpt\"><p>March 14-18 2023 Las Vegas Convention Center Manitex International: F9727 &#8211; Festival Ground &nbsp; We are very pleased to announce that will be exhibiting our brands MANITEX, OIL&amp;STEEL, PM, RABERN\u2026<\/p>\n<\/div>\n\t\n<a href=\"https:\/\/www.pm-group.eu\/fr\/our-models-at-conexpo\/\" class=\"post-details details-type-link\" aria-label=\"Read more about OUR MODELS AT CONEXPO\" rel=\"nofollow\">Leggi di pi\u00f9<i class=\"dt-icon-the7-arrow-03\" aria-hidden=\"true\"><\/i><\/a>\n\n<\/div><\/article><\/div><div class=\"hidden wf-cell\" data-post-id=\"2841\" data-date=\"2023-03-03T15:34:35+01:00\" data-name=\"7 SP. Grande polyvalence dans des dimensions record\"><article class=\"post project-odd visible post-2841 type-post status-publish format-standard has-post-thumbnail hentry category-news category-1\" data-name=\"7 SP. Grande polyvalence dans des dimensions record\" data-date=\"2023-03-03T15:34:35+01:00\">\n\n<div class=\"post-thumbnail-wrap\">\n\t<div class=\"post-thumbnail\">\n\t\t\n\t\t\n\t\t<a href=\"https:\/\/www.pm-group.eu\/fr\/7-sp-grande-polyvalence-dans-des-dimensions-record\/\" class=\"post-thumbnail-rollover layzr-bg layzr-bg\" ><img class=\"iso-lazy-load preload-me iso-lazy-load\" src=\"data:image\/svg+xml,%3Csvg%20xmlns%3D&#39;http%3A%2F%2Fwww.w3.org%2F2000%2Fsvg&#39;%20viewBox%3D&#39;0%200%20768%20768&#39;%2F%3E\" data-src=\"https:\/\/www.pm-group.eu\/fr\/wp-content\/uploads\/sites\/3\/2023\/03\/Copertina-scaled-768x768.jpg\" data-srcset=\"https:\/\/www.pm-group.eu\/fr\/wp-content\/uploads\/sites\/3\/2023\/03\/Copertina-scaled-768x768.jpg 768w, https:\/\/www.pm-group.eu\/fr\/wp-content\/uploads\/sites\/3\/2023\/03\/Copertina-scaled-1152x1152.jpg 1152w\" alt=\"\" title=\"Copertina\" width=\"768\" height=\"768\"  \/><\/a>\t<\/div>\n<\/div>\n\n\n<div class=\"post-entry-content\">\n\n\t<h3 class=\"entry-title\">\n\t\t<a href=\"https:\/\/www.pm-group.eu\/fr\/7-sp-grande-polyvalence-dans-des-dimensions-record\/\" title=\"7 SP. Grande polyvalence dans des dimensions record\" rel=\"bookmark\">7 SP. Grande polyvalence dans des dimensions record<\/a>\n\t<\/h3>\n\n\t<div class=\"entry-meta\"><a href=\"https:\/\/www.pm-group.eu\/fr\/2023\/03\/03\/\" title=\"15:34\" class=\"data-link\" rel=\"bookmark\"><time class=\"entry-date updated\" datetime=\"2023-03-03T15:34:35+01:00\">3 mars, 2023<\/time><\/a><\/div>\n\t<div class=\"entry-excerpt\"><p>[vc_row][vc_column][vc_column_text] Sur la vague du succ\u00e8s g\u00e9n\u00e9r\u00e9 par le lancement de la nouvelle et futuriste 70.5 SP, qui a vu PM Oil&amp;Steel S.p.A. se retrouver protagoniste d&rsquo;un crescendo d&rsquo;int\u00e9r\u00eat et\u2026<\/p>\n<\/div>\n\t\n<a href=\"https:\/\/www.pm-group.eu\/fr\/7-sp-grande-polyvalence-dans-des-dimensions-record\/\" class=\"post-details details-type-link\" aria-label=\"Read more about 7 SP. Grande polyvalence dans des dimensions record\" rel=\"nofollow\">Leggi di pi\u00f9<i class=\"dt-icon-the7-arrow-03\" aria-hidden=\"true\"><\/i><\/a>\n\n<\/div><\/article><\/div><div class=\"hidden wf-cell\" data-post-id=\"2823\" data-date=\"2022-10-11T16:24:07+02:00\" data-name=\"PM 70.5. Puissance, design et innovation en parfaite synergie\"><article class=\"post project-odd visible post-2823 type-post status-publish format-standard has-post-thumbnail hentry category-news category-1\" data-name=\"PM 70.5. Puissance, design et innovation en parfaite synergie\" data-date=\"2022-10-11T16:24:07+02:00\">\n\n<div class=\"post-thumbnail-wrap\">\n\t<div class=\"post-thumbnail\">\n\t\t\n\t\t\n\t\t<a href=\"https:\/\/www.pm-group.eu\/fr\/pm-70-5-puissance-design-et-innovation-en-parfaite-synergie\/\" class=\"post-thumbnail-rollover layzr-bg layzr-bg\" ><img class=\"iso-lazy-load preload-me iso-lazy-load\" src=\"data:image\/svg+xml,%3Csvg%20xmlns%3D&#39;http%3A%2F%2Fwww.w3.org%2F2000%2Fsvg&#39;%20viewBox%3D&#39;0%200%20768%20768&#39;%2F%3E\" data-src=\"https:\/\/www.pm-group.eu\/fr\/wp-content\/uploads\/sites\/3\/2022\/06\/NT2022_BackOnTrack_0601-scaled-768x768.jpg\" data-srcset=\"https:\/\/www.pm-group.eu\/fr\/wp-content\/uploads\/sites\/3\/2022\/06\/NT2022_BackOnTrack_0601-scaled-768x768.jpg 768w, https:\/\/www.pm-group.eu\/fr\/wp-content\/uploads\/sites\/3\/2022\/06\/NT2022_BackOnTrack_0601-scaled-1152x1152.jpg 1152w\" alt=\"\" title=\"NT2022_BackOnTrack_0601\" width=\"768\" height=\"768\"  \/><\/a>\t<\/div>\n<\/div>\n\n\n<div class=\"post-entry-content\">\n\n\t<h3 class=\"entry-title\">\n\t\t<a href=\"https:\/\/www.pm-group.eu\/fr\/pm-70-5-puissance-design-et-innovation-en-parfaite-synergie\/\" title=\"PM 70.5. Puissance, design et innovation en parfaite synergie\" rel=\"bookmark\">PM 70.5. Puissance, design et innovation en parfaite synergie<\/a>\n\t<\/h3>\n\n\t<div class=\"entry-meta\"><a href=\"https:\/\/www.pm-group.eu\/fr\/2022\/10\/11\/\" title=\"16:24\" class=\"data-link\" rel=\"bookmark\"><time class=\"entry-date updated\" datetime=\"2022-10-11T16:24:07+02:00\">11 octobre, 2022<\/time><\/a><\/div>\n\t<div class=\"entry-excerpt\"><p>[vc_row][vc_column][vc_column_text] \u00ab\u00a0C&rsquo;\u00e9tait un \u00e9v\u00e9nement g\u00e9nial\u00a0!\u00a0\u00bb. &nbsp; C&rsquo;est l&rsquo;enthousiasme qu&rsquo;ont manifest\u00e9 les personnes que nous avons eu l&rsquo;honneur et le plaisir d&rsquo;accueillir lors de notre \u00e9v\u00e9nement \u00ab\u00a0Back on Track\u00a0\u00bb, qui s&rsquo;est\u2026<\/p>\n<\/div>\n\t\n<a href=\"https:\/\/www.pm-group.eu\/fr\/pm-70-5-puissance-design-et-innovation-en-parfaite-synergie\/\" class=\"post-details details-type-link\" aria-label=\"Read more about PM 70.5. Puissance, design et innovation en parfaite synergie\" rel=\"nofollow\">Leggi di pi\u00f9<i class=\"dt-icon-the7-arrow-03\" aria-hidden=\"true\"><\/i><\/a>\n\n<\/div><\/article><\/div><div class=\"hidden wf-cell\" data-post-id=\"2807\" data-date=\"2022-09-20T14:00:00+02:00\" data-name=\"PM will not participate in Bauma 2022 (Munich)\"><article class=\"post project-odd visible post-2807 type-post status-publish format-standard has-post-thumbnail hentry category-news category-1\" data-name=\"PM will not participate in Bauma 2022 (Munich)\" data-date=\"2022-09-20T14:00:00+02:00\">\n\n<div class=\"post-thumbnail-wrap\">\n\t<div class=\"post-thumbnail\">\n\t\t\n\t\t\n\t\t<a href=\"https:\/\/www.pm-group.eu\/fr\/pm-will-not-participate-in-bauma-2022-munich\/\" class=\"post-thumbnail-rollover layzr-bg layzr-bg\" ><img class=\"iso-lazy-load preload-me iso-lazy-load\" src=\"data:image\/svg+xml,%3Csvg%20xmlns%3D&#39;http%3A%2F%2Fwww.w3.org%2F2000%2Fsvg&#39;%20viewBox%3D&#39;0%200%20768%20768&#39;%2F%3E\" data-src=\"https:\/\/www.pm-group.eu\/fr\/wp-content\/uploads\/sites\/3\/2021\/01\/immagine-ingobro-pm-group-768x768.png\" data-srcset=\"https:\/\/www.pm-group.eu\/fr\/wp-content\/uploads\/sites\/3\/2021\/01\/immagine-ingobro-pm-group-768x768.png 768w, https:\/\/www.pm-group.eu\/fr\/wp-content\/uploads\/sites\/3\/2021\/01\/immagine-ingobro-pm-group-1152x1152.png 1152w\" alt=\"\" title=\"immagine ingobro pm group\" width=\"768\" height=\"768\"  \/><\/a>\t<\/div>\n<\/div>\n\n\n<div class=\"post-entry-content\">\n\n\t<h3 class=\"entry-title\">\n\t\t<a href=\"https:\/\/www.pm-group.eu\/fr\/pm-will-not-participate-in-bauma-2022-munich\/\" title=\"PM will not participate in Bauma 2022 (Munich)\" rel=\"bookmark\">PM will not participate in Bauma 2022 (Munich)<\/a>\n\t<\/h3>\n\n\t<div class=\"entry-meta\"><a href=\"https:\/\/www.pm-group.eu\/fr\/2022\/09\/20\/\" title=\"14:00\" class=\"data-link\" rel=\"bookmark\"><time class=\"entry-date updated\" datetime=\"2022-09-20T14:00:00+02:00\">20 septembre, 2022<\/time><\/a><\/div>\n\t<div class=\"entry-excerpt\"><\/div>\n\t\n<a href=\"https:\/\/www.pm-group.eu\/fr\/pm-will-not-participate-in-bauma-2022-munich\/\" class=\"post-details details-type-link\" aria-label=\"Read more about PM will not participate in Bauma 2022 (Munich)\" rel=\"nofollow\">Leggi di pi\u00f9<i class=\"dt-icon-the7-arrow-03\" aria-hidden=\"true\"><\/i><\/a>\n\n<\/div><\/article><\/div><div class=\"hidden wf-cell\" data-post-id=\"2803\" data-date=\"2022-09-14T09:10:25+02:00\" data-name=\"New Organization of the Sales Export Area\"><article class=\"post project-odd visible post-2803 type-post status-publish format-standard has-post-thumbnail hentry category-news category-1\" data-name=\"New Organization of the Sales Export Area\" data-date=\"2022-09-14T09:10:25+02:00\">\n\n<div class=\"post-thumbnail-wrap\">\n\t<div class=\"post-thumbnail\">\n\t\t\n\t\t\n\t\t<a href=\"https:\/\/www.pm-group.eu\/fr\/new-organization-of-the-sales-export-area\/\" class=\"post-thumbnail-rollover layzr-bg layzr-bg\" ><img class=\"iso-lazy-load preload-me iso-lazy-load\" src=\"data:image\/svg+xml,%3Csvg%20xmlns%3D&#39;http%3A%2F%2Fwww.w3.org%2F2000%2Fsvg&#39;%20viewBox%3D&#39;0%200%20173%20173&#39;%2F%3E\" data-src=\"https:\/\/www.pm-group.eu\/fr\/wp-content\/uploads\/sites\/3\/2021\/01\/pm_logo_pm-oil-e-steel-173x173.png\" data-srcset=\"https:\/\/www.pm-group.eu\/fr\/wp-content\/uploads\/sites\/3\/2021\/01\/pm_logo_pm-oil-e-steel-173x173.png 173w\" alt=\"\" title=\"pm_logo_pm-oil-e-steel\" width=\"173\" height=\"173\"  \/><\/a>\t<\/div>\n<\/div>\n\n\n<div class=\"post-entry-content\">\n\n\t<h3 class=\"entry-title\">\n\t\t<a href=\"https:\/\/www.pm-group.eu\/fr\/new-organization-of-the-sales-export-area\/\" title=\"New Organization of the Sales Export Area\" rel=\"bookmark\">New Organization of the Sales Export Area<\/a>\n\t<\/h3>\n\n\t<div class=\"entry-meta\"><a href=\"https:\/\/www.pm-group.eu\/fr\/2022\/09\/14\/\" title=\"09:10\" class=\"data-link\" rel=\"bookmark\"><time class=\"entry-date updated\" datetime=\"2022-09-14T09:10:25+02:00\">14 septembre, 2022<\/time><\/a><\/div>\n\t<div class=\"entry-excerpt\"><p>New Organization of the Sales Export Area As of September 1st, PM Oil &amp; Steel S.p.A. decided to centralize the Sales Export area management of the two product divisions, PM\u2026<\/p>\n<\/div>\n\t\n<a href=\"https:\/\/www.pm-group.eu\/fr\/new-organization-of-the-sales-export-area\/\" class=\"post-details details-type-link\" aria-label=\"Read more about New Organization of the Sales Export Area\" rel=\"nofollow\">Leggi di pi\u00f9<i class=\"dt-icon-the7-arrow-03\" aria-hidden=\"true\"><\/i><\/a>\n\n<\/div><\/article><\/div><div class=\"hidden wf-cell\" data-post-id=\"2766\" data-date=\"2022-06-27T12:17:10+02:00\" data-name=\"GIOVANNI TACCONI APPOINTMENT TO MANAGING DIRECTOR, GENERAL MANAGER OF PM OIL  STEEL\"><article class=\"post project-odd visible post-2766 type-post status-publish format-standard has-post-thumbnail hentry category-news category-1\" data-name=\"GIOVANNI TACCONI APPOINTMENT TO MANAGING DIRECTOR, GENERAL MANAGER OF PM OIL  STEEL\" data-date=\"2022-06-27T12:17:10+02:00\">\n\n<div class=\"post-thumbnail-wrap\">\n\t<div class=\"post-thumbnail\">\n\t\t\n\t\t\n\t\t<a href=\"https:\/\/www.pm-group.eu\/fr\/nomina-di-giovanni-tacconi\/\" class=\"post-thumbnail-rollover layzr-bg layzr-bg\" ><img class=\"iso-lazy-load preload-me iso-lazy-load\" src=\"data:image\/svg+xml,%3Csvg%20xmlns%3D&#39;http%3A%2F%2Fwww.w3.org%2F2000%2Fsvg&#39;%20viewBox%3D&#39;0%200%20173%20173&#39;%2F%3E\" data-src=\"https:\/\/www.pm-group.eu\/fr\/wp-content\/uploads\/sites\/3\/2021\/01\/pm_logo_pm-oil-e-steel-173x173.png\" data-srcset=\"https:\/\/www.pm-group.eu\/fr\/wp-content\/uploads\/sites\/3\/2021\/01\/pm_logo_pm-oil-e-steel-173x173.png 173w\" alt=\"\" title=\"pm_logo_pm-oil-e-steel\" width=\"173\" height=\"173\"  \/><\/a>\t<\/div>\n<\/div>\n\n\n<div class=\"post-entry-content\">\n\n\t<h3 class=\"entry-title\">\n\t\t<a href=\"https:\/\/www.pm-group.eu\/fr\/nomina-di-giovanni-tacconi\/\" title=\"GIOVANNI TACCONI APPOINTMENT TO MANAGING DIRECTOR, GENERAL MANAGER OF PM OIL  STEEL\" rel=\"bookmark\">GIOVANNI TACCONI APPOINTMENT TO MANAGING DIRECTOR, GENERAL MANAGER OF PM OIL  STEEL<\/a>\n\t<\/h3>\n\n\t<div class=\"entry-meta\"><a href=\"https:\/\/www.pm-group.eu\/fr\/2022\/06\/27\/\" title=\"12:17\" class=\"data-link\" rel=\"bookmark\"><time class=\"entry-date updated\" datetime=\"2022-06-27T12:17:10+02:00\">27 juin, 2022<\/time><\/a><\/div>\n\t<div class=\"entry-excerpt\"><p>GIOVANNI TACCONI APPOINTMENT TO MANAGING DIRECTOR, GENERAL MANAGER OF PM OIL &amp; STEEL SPA AND VICE PRESIDENT OF MANITEX INTERNATIONAL In the past days, the Board of Directors of PM\u2026<\/p>\n<\/div>\n\t\n<a href=\"https:\/\/www.pm-group.eu\/fr\/nomina-di-giovanni-tacconi\/\" class=\"post-details details-type-link\" aria-label=\"Read more about GIOVANNI TACCONI APPOINTMENT TO MANAGING DIRECTOR, GENERAL MANAGER OF PM OIL  STEEL\" rel=\"nofollow\">Leggi di pi\u00f9<i class=\"dt-icon-the7-arrow-03\" aria-hidden=\"true\"><\/i><\/a>\n\n<\/div><\/article><\/div><div class=\"hidden wf-cell\" data-post-id=\"1095\" data-date=\"2020-11-06T09:37:45+01:00\" data-name=\"Manitex International, Inc. Reports Third Quarter 2020 Results\"><article class=\"post project-odd visible post-1095 type-post status-publish format-standard has-post-thumbnail hentry category-news category-1\" data-name=\"Manitex International, Inc. Reports Third Quarter 2020 Results\" data-date=\"2020-11-06T09:37:45+01:00\">\n\n<div class=\"post-thumbnail-wrap\">\n\t<div class=\"post-thumbnail\">\n\t\t\n\t\t\n\t\t<a href=\"https:\/\/www.pm-group.eu\/fr\/manitex-international-inc-reports-third-quarter-2020-results\/\" class=\"post-thumbnail-rollover layzr-bg layzr-bg\" ><img class=\"iso-lazy-load preload-me iso-lazy-load\" src=\"data:image\/svg+xml,%3Csvg%20xmlns%3D&#39;http%3A%2F%2Fwww.w3.org%2F2000%2Fsvg&#39;%20viewBox%3D&#39;0%200%20600%20600&#39;%2F%3E\" data-src=\"https:\/\/www.pm-group.eu\/fr\/wp-content\/uploads\/sites\/3\/2021\/01\/article.jpeg\" data-srcset=\"https:\/\/www.pm-group.eu\/fr\/wp-content\/uploads\/sites\/3\/2021\/01\/article.jpeg 600w\" alt=\"\" title=\"article\" width=\"600\" height=\"600\"  \/><\/a>\t<\/div>\n<\/div>\n\n\n<div class=\"post-entry-content\">\n\n\t<h3 class=\"entry-title\">\n\t\t<a href=\"https:\/\/www.pm-group.eu\/fr\/manitex-international-inc-reports-third-quarter-2020-results\/\" title=\"Manitex International, Inc. Reports Third Quarter 2020 Results\" rel=\"bookmark\">Manitex International, Inc. Reports Third Quarter 2020 Results<\/a>\n\t<\/h3>\n\n\t<div class=\"entry-meta\"><a href=\"https:\/\/www.pm-group.eu\/fr\/2020\/11\/06\/\" title=\"09:37\" class=\"data-link\" rel=\"bookmark\"><time class=\"entry-date updated\" datetime=\"2020-11-06T09:37:45+01:00\">6 novembre, 2020<\/time><\/a><\/div>\n\t<div class=\"entry-excerpt\"><p>Manitex International, Inc. riporta i risultati del terzo trimestre 2020.<\/p>\n<\/div>\n\t\n<a href=\"https:\/\/www.pm-group.eu\/fr\/manitex-international-inc-reports-third-quarter-2020-results\/\" class=\"post-details details-type-link\" aria-label=\"Read more about Manitex International, Inc. Reports Third Quarter 2020 Results\" rel=\"nofollow\">Leggi di pi\u00f9<i class=\"dt-icon-the7-arrow-03\" aria-hidden=\"true\"><\/i><\/a>\n\n<\/div><\/article><\/div><div class=\"hidden wf-cell\" data-post-id=\"1098\" data-date=\"2020-11-06T09:00:53+01:00\" data-name=\"PM 100 SP all&#039;azienda Baiocco Srl\"><article class=\"post project-odd visible post-1098 type-post status-publish format-standard has-post-thumbnail hentry category-news category-1\" data-name=\"PM 100 SP all&#039;azienda Baiocco Srl\" data-date=\"2020-11-06T09:00:53+01:00\">\n\n<div class=\"post-thumbnail-wrap\">\n\t<div class=\"post-thumbnail\">\n\t\t\n\t\t\n\t\t<a href=\"https:\/\/www.pm-group.eu\/fr\/pm-100-sp-allazienda-baiocco-srl\/\" class=\"post-thumbnail-rollover layzr-bg layzr-bg\" ><img class=\"iso-lazy-load preload-me iso-lazy-load\" src=\"data:image\/svg+xml,%3Csvg%20xmlns%3D&#39;http%3A%2F%2Fwww.w3.org%2F2000%2Fsvg&#39;%20viewBox%3D&#39;0%200%20225%20225&#39;%2F%3E\" data-src=\"https:\/\/www.pm-group.eu\/fr\/wp-content\/uploads\/sites\/3\/2020\/11\/article-2-225x225.jpeg\" data-srcset=\"https:\/\/www.pm-group.eu\/fr\/wp-content\/uploads\/sites\/3\/2020\/11\/article-2-225x225.jpeg 225w\" alt=\"\" title=\"article (2)\" width=\"225\" height=\"225\"  \/><\/a>\t<\/div>\n<\/div>\n\n\n<div class=\"post-entry-content\">\n\n\t<h3 class=\"entry-title\">\n\t\t<a href=\"https:\/\/www.pm-group.eu\/fr\/pm-100-sp-allazienda-baiocco-srl\/\" title=\"PM 100 SP all&#039;azienda Baiocco Srl\" rel=\"bookmark\">PM 100 SP all'azienda Baiocco Srl<\/a>\n\t<\/h3>\n\n\t<div class=\"entry-meta\"><a href=\"https:\/\/www.pm-group.eu\/fr\/2020\/11\/06\/\" title=\"09:00\" class=\"data-link\" rel=\"bookmark\"><time class=\"entry-date updated\" datetime=\"2020-11-06T09:00:53+01:00\">6 novembre, 2020<\/time><\/a><\/div>\n\t<div class=\"entry-excerpt\"><p>[vc_row][vc_column][vc_column_text]Venduta nel Lazio una stupenda PM 100 SP all&rsquo;azienda Baiocco Srl, con la quale abbiamo realizzato un nuovo video presentato a tutti i nostri dealers nel mondo. [\/vc_column_text][vc_empty_space][\/vc_column][\/vc_row][vc_row][vc_column][vc_btn title=\u00a0\u00bbClicca qui\u2026<\/p>\n<\/div>\n\t\n<a href=\"https:\/\/www.pm-group.eu\/fr\/pm-100-sp-allazienda-baiocco-srl\/\" class=\"post-details details-type-link\" aria-label=\"Read more about PM 100 SP all&#039;azienda Baiocco Srl\" rel=\"nofollow\">Leggi di pi\u00f9<i class=\"dt-icon-the7-arrow-03\" aria-hidden=\"true\"><\/i><\/a>\n\n<\/div><\/article><\/div><div class=\"hidden wf-cell\" data-post-id=\"1107\" data-date=\"2020-09-10T09:55:07+02:00\" data-name=\"NEW COMMERCIAL ASSET FOR PM. TWO GREAT PROFESSIONALS AT THE HEAD OF THE COMMERCIAL AREA.\"><article class=\"post project-odd visible post-1107 type-post status-publish format-standard has-post-thumbnail hentry category-news category-1\" data-name=\"NEW COMMERCIAL ASSET FOR PM. TWO GREAT PROFESSIONALS AT THE HEAD OF THE COMMERCIAL AREA.\" data-date=\"2020-09-10T09:55:07+02:00\">\n\n<div class=\"post-thumbnail-wrap\">\n\t<div class=\"post-thumbnail\">\n\t\t\n\t\t\n\t\t<a href=\"https:\/\/www.pm-group.eu\/fr\/new-commercial-asset-for-pm-two-great-professionals-at-the-head-of-the-commercial-area\/\" class=\"post-thumbnail-rollover layzr-bg layzr-bg\" ><img class=\"iso-lazy-load preload-me iso-lazy-load\" src=\"data:image\/svg+xml,%3Csvg%20xmlns%3D&#39;http%3A%2F%2Fwww.w3.org%2F2000%2Fsvg&#39;%20viewBox%3D&#39;0%200%20768%20768&#39;%2F%3E\" data-src=\"https:\/\/www.pm-group.eu\/fr\/wp-content\/uploads\/sites\/3\/2020\/09\/NUOVO-ASSETTO-COMMERCIALE-PER-PM.-scaled-768x768.jpg\" data-srcset=\"https:\/\/www.pm-group.eu\/fr\/wp-content\/uploads\/sites\/3\/2020\/09\/NUOVO-ASSETTO-COMMERCIALE-PER-PM.-scaled-768x768.jpg 768w, https:\/\/www.pm-group.eu\/fr\/wp-content\/uploads\/sites\/3\/2020\/09\/NUOVO-ASSETTO-COMMERCIALE-PER-PM.-scaled-1152x1152.jpg 1152w\" alt=\"\" title=\"NUOVO ASSETTO COMMERCIALE PER PM.\" width=\"768\" height=\"768\"  \/><\/a>\t<\/div>\n<\/div>\n\n\n<div class=\"post-entry-content\">\n\n\t<h3 class=\"entry-title\">\n\t\t<a href=\"https:\/\/www.pm-group.eu\/fr\/new-commercial-asset-for-pm-two-great-professionals-at-the-head-of-the-commercial-area\/\" title=\"NEW COMMERCIAL ASSET FOR PM. TWO GREAT PROFESSIONALS AT THE HEAD OF THE COMMERCIAL AREA.\" rel=\"bookmark\">NEW COMMERCIAL ASSET FOR PM. TWO GREAT PROFESSIONALS AT THE HEAD OF THE COMMERCIAL AREA.<\/a>\n\t<\/h3>\n\n\t<div class=\"entry-meta\"><a href=\"https:\/\/www.pm-group.eu\/fr\/2020\/09\/10\/\" title=\"09:55\" class=\"data-link\" rel=\"bookmark\"><time class=\"entry-date updated\" datetime=\"2020-09-10T09:55:07+02:00\">10 septembre, 2020<\/time><\/a><\/div>\n\t<div class=\"entry-excerpt\"><p>[vc_row][vc_column][vc_column_text] PM today announced the appointment of Stefano Ghesini as Italy Sales Director, with the task of consolidating existing business relationships and expanding the main distribution channels for PM cranes.\u2026<\/p>\n<\/div>\n\t\n<a href=\"https:\/\/www.pm-group.eu\/fr\/new-commercial-asset-for-pm-two-great-professionals-at-the-head-of-the-commercial-area\/\" class=\"post-details details-type-link\" aria-label=\"Read more about NEW COMMERCIAL ASSET FOR PM. TWO GREAT PROFESSIONALS AT THE HEAD OF THE COMMERCIAL AREA.\" rel=\"nofollow\">Leggi di pi\u00f9<i class=\"dt-icon-the7-arrow-03\" aria-hidden=\"true\"><\/i><\/a>\n\n<\/div><\/article><\/div><div class=\"hidden wf-cell\" data-post-id=\"1110\" data-date=\"2020-06-18T09:56:21+02:00\" data-name=\"Consegna flotta Autostrade per l&#039;Italia\"><article class=\"post project-odd visible post-1110 type-post status-publish format-standard has-post-thumbnail hentry category-news category-1\" data-name=\"Consegna flotta Autostrade per l&#039;Italia\" data-date=\"2020-06-18T09:56:21+02:00\">\n\n<div class=\"post-thumbnail-wrap\">\n\t<div class=\"post-thumbnail\">\n\t\t\n\t\t\n\t\t<a href=\"https:\/\/www.pm-group.eu\/fr\/consegna-flotta-autostrade-per-litalia\/\" class=\"post-thumbnail-rollover layzr-bg layzr-bg\" ><img class=\"iso-lazy-load preload-me iso-lazy-load\" src=\"data:image\/svg+xml,%3Csvg%20xmlns%3D&#39;http%3A%2F%2Fwww.w3.org%2F2000%2Fsvg&#39;%20viewBox%3D&#39;0%200%20400%20400&#39;%2F%3E\" data-src=\"https:\/\/www.pm-group.eu\/fr\/wp-content\/uploads\/sites\/3\/2021\/01\/article-4.jpeg\" data-srcset=\"https:\/\/www.pm-group.eu\/fr\/wp-content\/uploads\/sites\/3\/2021\/01\/article-4.jpeg 400w\" alt=\"\" title=\"article (4)\" width=\"400\" height=\"400\"  \/><\/a>\t<\/div>\n<\/div>\n\n\n<div class=\"post-entry-content\">\n\n\t<h3 class=\"entry-title\">\n\t\t<a href=\"https:\/\/www.pm-group.eu\/fr\/consegna-flotta-autostrade-per-litalia\/\" title=\"Consegna flotta Autostrade per l&#039;Italia\" rel=\"bookmark\">Consegna flotta Autostrade per l'Italia<\/a>\n\t<\/h3>\n\n\t<div class=\"entry-meta\"><a href=\"https:\/\/www.pm-group.eu\/fr\/2020\/06\/18\/\" title=\"09:56\" class=\"data-link\" rel=\"bookmark\"><time class=\"entry-date updated\" datetime=\"2020-06-18T09:56:21+02:00\">18 juin, 2020<\/time><\/a><\/div>\n\t<div class=\"entry-excerpt\"><p>[vc_row][vc_column][vc_column_text]Consegna della nuova flotta Autostrade per l&rsquo;Italia. PM \u00e8 fiera di essere partner da sempre.[\/vc_column_text][\/vc_column][\/vc_row]<\/p>\n<\/div>\n\t\n<a href=\"https:\/\/www.pm-group.eu\/fr\/consegna-flotta-autostrade-per-litalia\/\" class=\"post-details details-type-link\" aria-label=\"Read more about Consegna flotta Autostrade per l&#039;Italia\" rel=\"nofollow\">Leggi di pi\u00f9<i class=\"dt-icon-the7-arrow-03\" aria-hidden=\"true\"><\/i><\/a>\n\n<\/div><\/article><\/div><div class=\"hidden wf-cell\" data-post-id=\"1113\" data-date=\"2020-05-21T10:02:27+02:00\" data-name=\"OBIETTIVO ITALIA\"><article class=\"post project-odd visible post-1113 type-post status-publish format-standard has-post-thumbnail hentry category-news category-1\" data-name=\"OBIETTIVO ITALIA\" data-date=\"2020-05-21T10:02:27+02:00\">\n\n<div class=\"post-thumbnail-wrap\">\n\t<div class=\"post-thumbnail\">\n\t\t\n\t\t\n\t\t<a href=\"https:\/\/www.pm-group.eu\/fr\/obiettivo-italia\/\" class=\"post-thumbnail-rollover layzr-bg layzr-bg\" ><img class=\"iso-lazy-load preload-me iso-lazy-load\" src=\"data:image\/svg+xml,%3Csvg%20xmlns%3D&#39;http%3A%2F%2Fwww.w3.org%2F2000%2Fsvg&#39;%20viewBox%3D&#39;0%200%20768%20768&#39;%2F%3E\" data-src=\"https:\/\/www.pm-group.eu\/fr\/wp-content\/uploads\/sites\/3\/2020\/05\/OBIETTIVO-ITALIA-scaled-768x768.jpg\" data-srcset=\"https:\/\/www.pm-group.eu\/fr\/wp-content\/uploads\/sites\/3\/2020\/05\/OBIETTIVO-ITALIA-scaled-768x768.jpg 768w, https:\/\/www.pm-group.eu\/fr\/wp-content\/uploads\/sites\/3\/2020\/05\/OBIETTIVO-ITALIA-scaled-1152x1152.jpg 1152w\" alt=\"\" title=\"OR_AVISO_IPAF\" width=\"768\" height=\"768\"  \/><\/a>\t<\/div>\n<\/div>\n\n\n<div class=\"post-entry-content\">\n\n\t<h3 class=\"entry-title\">\n\t\t<a href=\"https:\/\/www.pm-group.eu\/fr\/obiettivo-italia\/\" title=\"OBIETTIVO ITALIA\" rel=\"bookmark\">OBIETTIVO ITALIA<\/a>\n\t<\/h3>\n\n\t<div class=\"entry-meta\"><a href=\"https:\/\/www.pm-group.eu\/fr\/2020\/05\/21\/\" title=\"10:02\" class=\"data-link\" rel=\"bookmark\"><time class=\"entry-date updated\" datetime=\"2020-05-21T10:02:27+02:00\">21 mai, 2020<\/time><\/a><\/div>\n\t<div class=\"entry-excerpt\"><p>[vc_row][vc_column][vc_column_text]Obiettivo Italia &#8211; PM Oil &amp; Steel Spa e Manitex Valla Srl Intervista al nostro direttore commerciale Italia Fulvio Frunzio.[\/vc_column_text][vc_empty_space][vc_btn title=\u00a0\u00bbLeggi l&rsquo;intervista\u00a0\u00bb color=\u00a0\u00bbblue\u00a0\u00bb align=\u00a0\u00bbcenter\u00a0\u00bb link=\u00a0\u00bburl:https%3A%2F%2Fissuu.com%2Fmarketingpmoilsteel%2Fdocs%2Fwe_are_access_equipment_pm_oil___steel_spa_articol|target:_blank\u00a0\u00bb][\/vc_column][\/vc_row]<\/p>\n<\/div>\n\t\n<a href=\"https:\/\/www.pm-group.eu\/fr\/obiettivo-italia\/\" class=\"post-details details-type-link\" aria-label=\"Read more about OBIETTIVO ITALIA\" rel=\"nofollow\">Leggi di pi\u00f9<i class=\"dt-icon-the7-arrow-03\" aria-hidden=\"true\"><\/i><\/a>\n\n<\/div><\/article><\/div><div class=\"hidden wf-cell\" data-post-id=\"1116\" data-date=\"2020-03-04T10:06:12+01:00\" data-name=\"NOUVEAUX D\u00c9FIS POUR MANITEX\"><article class=\"post project-odd visible post-1116 type-post status-publish format-standard has-post-thumbnail hentry category-news category-1\" data-name=\"NOUVEAUX D\u00c9FIS POUR MANITEX\" data-date=\"2020-03-04T10:06:12+01:00\">\n\n<div class=\"post-thumbnail-wrap\">\n\t<div class=\"post-thumbnail\">\n\t\t\n\t\t\n\t\t<a href=\"https:\/\/www.pm-group.eu\/fr\/nouveaux-defis-pour-manitex\/\" class=\"post-thumbnail-rollover layzr-bg layzr-bg\" ><img class=\"iso-lazy-load preload-me iso-lazy-load\" src=\"data:image\/svg+xml,%3Csvg%20xmlns%3D&#39;http%3A%2F%2Fwww.w3.org%2F2000%2Fsvg&#39;%20viewBox%3D&#39;0%200%20519%20519&#39;%2F%3E\" data-src=\"https:\/\/www.pm-group.eu\/fr\/wp-content\/uploads\/sites\/3\/2021\/01\/article-6-519x519.jpeg\" data-srcset=\"https:\/\/www.pm-group.eu\/fr\/wp-content\/uploads\/sites\/3\/2021\/01\/article-6-519x519.jpeg 519w\" alt=\"\" title=\"article (6)\" width=\"519\" height=\"519\"  \/><\/a>\t<\/div>\n<\/div>\n\n\n<div class=\"post-entry-content\">\n\n\t<h3 class=\"entry-title\">\n\t\t<a href=\"https:\/\/www.pm-group.eu\/fr\/nouveaux-defis-pour-manitex\/\" title=\"NOUVEAUX D\u00c9FIS POUR MANITEX\" rel=\"bookmark\">NOUVEAUX D\u00c9FIS POUR MANITEX<\/a>\n\t<\/h3>\n\n\t<div class=\"entry-meta\"><a href=\"https:\/\/www.pm-group.eu\/fr\/2020\/03\/04\/\" title=\"10:06\" class=\"data-link\" rel=\"bookmark\"><time class=\"entry-date updated\" datetime=\"2020-03-04T10:06:12+01:00\">4 mars, 2020<\/time><\/a><\/div>\n\t<div class=\"entry-excerpt\"><p>[vc_row][vc_column][vc_column_text] Steve Filipov interview: \u00a0http:\/\/online.fliphtml5.com\/ksfm\/hxhj\/#p=23 [\/vc_column_text][\/vc_column][\/vc_row]<\/p>\n<\/div>\n\t\n<a href=\"https:\/\/www.pm-group.eu\/fr\/nouveaux-defis-pour-manitex\/\" class=\"post-details details-type-link\" aria-label=\"Read more about NOUVEAUX D\u00c9FIS POUR MANITEX\" rel=\"nofollow\">Leggi di pi\u00f9<i class=\"dt-icon-the7-arrow-03\" aria-hidden=\"true\"><\/i><\/a>\n\n<\/div><\/article><\/div><div class=\"hidden wf-cell\" data-post-id=\"1119\" data-date=\"2020-02-05T10:07:02+01:00\" data-name=\"MANITEX AT CONEXPO 2020\"><article class=\"post project-odd visible post-1119 type-post status-publish format-standard has-post-thumbnail hentry category-news category-1\" data-name=\"MANITEX AT CONEXPO 2020\" data-date=\"2020-02-05T10:07:02+01:00\">\n\n<div class=\"post-thumbnail-wrap\">\n\t<div class=\"post-thumbnail\">\n\t\t\n\t\t\n\t\t<a href=\"https:\/\/www.pm-group.eu\/fr\/manitex-at-conexpo-2020\/\" class=\"post-thumbnail-rollover layzr-bg layzr-bg\" ><img class=\"iso-lazy-load preload-me iso-lazy-load\" src=\"data:image\/svg+xml,%3Csvg%20xmlns%3D&#39;http%3A%2F%2Fwww.w3.org%2F2000%2Fsvg&#39;%20viewBox%3D&#39;0%200%20157%20157&#39;%2F%3E\" data-src=\"https:\/\/www.pm-group.eu\/fr\/wp-content\/uploads\/sites\/3\/2021\/01\/article-7-157x157.jpeg\" data-srcset=\"https:\/\/www.pm-group.eu\/fr\/wp-content\/uploads\/sites\/3\/2021\/01\/article-7-157x157.jpeg 157w\" alt=\"\" title=\"article (7)\" width=\"157\" height=\"157\"  \/><\/a>\t<\/div>\n<\/div>\n\n\n<div class=\"post-entry-content\">\n\n\t<h3 class=\"entry-title\">\n\t\t<a href=\"https:\/\/www.pm-group.eu\/fr\/manitex-at-conexpo-2020\/\" title=\"MANITEX AT CONEXPO 2020\" rel=\"bookmark\">MANITEX AT CONEXPO 2020<\/a>\n\t<\/h3>\n\n\t<div class=\"entry-meta\"><a href=\"https:\/\/www.pm-group.eu\/fr\/2020\/02\/05\/\" title=\"10:07\" class=\"data-link\" rel=\"bookmark\"><time class=\"entry-date updated\" datetime=\"2020-02-05T10:07:02+01:00\">5 f\u00e9vrier, 2020<\/time><\/a><\/div>\n\t<div class=\"entry-excerpt\"><p>[vc_row][vc_column][vc_column_text] Manitex has been participating in the ConExpo show for over 30 years and in this edition will be showcasing new additions to its family of products. One of the\u2026<\/p>\n<\/div>\n\t\n<a href=\"https:\/\/www.pm-group.eu\/fr\/manitex-at-conexpo-2020\/\" class=\"post-details details-type-link\" aria-label=\"Read more about MANITEX AT CONEXPO 2020\" rel=\"nofollow\">Leggi di pi\u00f9<i class=\"dt-icon-the7-arrow-03\" aria-hidden=\"true\"><\/i><\/a>\n\n<\/div><\/article><\/div><div class=\"hidden wf-cell\" data-post-id=\"1122\" data-date=\"2020-01-21T10:10:44+01:00\" data-name=\"Filipov&#039;s fresh perspective\"><article class=\"post project-odd visible post-1122 type-post status-publish format-standard has-post-thumbnail hentry category-news category-1\" data-name=\"Filipov&#039;s fresh perspective\" data-date=\"2020-01-21T10:10:44+01:00\">\n\n<div class=\"post-thumbnail-wrap\">\n\t<div class=\"post-thumbnail\">\n\t\t\n\t\t\n\t\t<a href=\"https:\/\/www.pm-group.eu\/fr\/filipovs-fresh-perspective\/\" class=\"post-thumbnail-rollover layzr-bg layzr-bg\" ><img class=\"iso-lazy-load preload-me iso-lazy-load\" src=\"data:image\/svg+xml,%3Csvg%20xmlns%3D&#39;http%3A%2F%2Fwww.w3.org%2F2000%2Fsvg&#39;%20viewBox%3D&#39;0%200%20152%20152&#39;%2F%3E\" data-src=\"https:\/\/www.pm-group.eu\/fr\/wp-content\/uploads\/sites\/3\/2021\/01\/article-8-152x152.jpeg\" data-srcset=\"https:\/\/www.pm-group.eu\/fr\/wp-content\/uploads\/sites\/3\/2021\/01\/article-8-152x152.jpeg 152w\" alt=\"\" title=\"article (8)\" width=\"152\" height=\"152\"  \/><\/a>\t<\/div>\n<\/div>\n\n\n<div class=\"post-entry-content\">\n\n\t<h3 class=\"entry-title\">\n\t\t<a href=\"https:\/\/www.pm-group.eu\/fr\/filipovs-fresh-perspective\/\" title=\"Filipov&#039;s fresh perspective\" rel=\"bookmark\">Filipov's fresh perspective<\/a>\n\t<\/h3>\n\n\t<div class=\"entry-meta\"><a href=\"https:\/\/www.pm-group.eu\/fr\/2020\/01\/21\/\" title=\"10:10\" class=\"data-link\" rel=\"bookmark\"><time class=\"entry-date updated\" datetime=\"2020-01-21T10:10:44+01:00\">21 janvier, 2020<\/time><\/a><\/div>\n\t<div class=\"entry-excerpt\"><p>[vc_row][vc_column][vc_column_text] Steve Filipov interview: https:\/\/www.americancranesandtransport.com\/filipovs-fresh-perspective\/142082.article [\/vc_column_text][\/vc_column][\/vc_row]<\/p>\n<\/div>\n\t\n<a href=\"https:\/\/www.pm-group.eu\/fr\/filipovs-fresh-perspective\/\" class=\"post-details details-type-link\" aria-label=\"Read more about Filipov&#039;s fresh perspective\" rel=\"nofollow\">Leggi di pi\u00f9<i class=\"dt-icon-the7-arrow-03\" aria-hidden=\"true\"><\/i><\/a>\n\n<\/div><\/article><\/div><\/div><!-- iso-container|iso-grid --><div class=\"paginator paginator-more-button\">\n\t\t\t\t<a class=\"button-load-more \" href=\"javascript:void(0);\" data-dt-page=\"1\" ><span class=\"stick\"><\/span><span class=\"stick\"><\/span><span class=\"stick\"><\/span><span class=\"button-caption\">Charger la suite<\/span><\/a>\n\t\t\t<\/div><\/div>[\/vc_column][\/vc_row]<\/p>\n","protected":false},"excerpt":{"rendered":"<p>[vc_row el_class=\u00a0\u00bbpy-5&Prime;][vc_column][\/vc_column][\/vc_row]<\/p>\n","protected":false},"author":1,"featured_media":742,"parent":0,"menu_order":0,"comment_status":"closed","ping_status":"closed","template":"","meta":[],"acf":[],"_links":{"self":[{"href":"https:\/\/www.pm-group.eu\/fr\/wp-json\/wp\/v2\/pages\/1353"}],"collection":[{"href":"https:\/\/www.pm-group.eu\/fr\/wp-json\/wp\/v2\/pages"}],"about":[{"href":"https:\/\/www.pm-group.eu\/fr\/wp-json\/wp\/v2\/types\/page"}],"author":[{"embeddable":true,"href":"https:\/\/www.pm-group.eu\/fr\/wp-json\/wp\/v2\/users\/1"}],"replies":[{"embeddable":true,"href":"https:\/\/www.pm-group.eu\/fr\/wp-json\/wp\/v2\/comments?post=1353"}],"version-history":[{"count":5,"href":"https:\/\/www.pm-group.eu\/fr\/wp-json\/wp\/v2\/pages\/1353\/revisions"}],"predecessor-version":[{"id":3593,"href":"https:\/\/www.pm-group.eu\/fr\/wp-json\/wp\/v2\/pages\/1353\/revisions\/3593"}],"wp:featuredmedia":[{"embeddable":true,"href":"https:\/\/www.pm-group.eu\/fr\/wp-json\/wp\/v2\/media\/742"}],"wp:attachment":[{"href":"https:\/\/www.pm-group.eu\/fr\/wp-json\/wp\/v2\/media?parent=1353"}],"curies":[{"name":"wp","href":"https:\/\/api.w.org\/{rel}","templated":true}]}}