{"id":1809,"date":"2021-04-16T09:48:17","date_gmt":"2021-04-16T09:48:17","guid":{"rendered":"https:\/\/www.pm-group.eu\/en\/?page_id=1809"},"modified":"2021-12-10T15:20:40","modified_gmt":"2021-12-10T15:20:40","slug":"privacy-work-with-us","status":"publish","type":"page","link":"https:\/\/www.pm-group.eu\/en\/privacy-work-with-us\/","title":{"rendered":"Privacy Work with Us"},"content":{"rendered":"<p><strong>INFORMATIVA SUL TRATTAMENTO DEI DATI PERSONALI<\/strong><\/p>\n<p>(Art. 13 Regolamento UE 27 Aprile 2016, n. 679 in materia di protezione dei dati personali \u201cGDPR\u201d)<\/p>\n<p>&nbsp;<\/p>\n<p>In conformit\u00e0 con i requisiti imposti dal Regolamento Generale in materia di protezione dei dati personali il Titolare del trattamento fornisce all\u2019interessato le seguenti informazioni in relazione ai trattamenti di dati personali effettuati.<\/p>\n<p>&nbsp;<\/p>\n<p><strong>TITOLARE DEL TRATTAMENTO<\/strong><\/p>\n<p>Ragione sociale: PM Oil&amp;Steel S.p.A.<\/p>\n<p>PIVA \/ CF: IT03520360961 \/ IT03520360961<\/p>\n<p>&nbsp;<\/p>\n<p><strong>CONTATTI PER L\u2019ESERCIZIO DEI DIRITTI<\/strong><\/p>\n<p>Le richieste di esercizio dei diritti previsti dal GDPR o eventuali revoche del consenso potranno essere rivolte al Titolare del trattamento ai seguenti contatti:<\/p>\n<p><strong>Indirizzo: <\/strong>Via G. Verdi 22 &#8211; 41018, San Cesario sul Panaro (MO) &#8211; Italia<\/p>\n<p><strong>Contatti: <\/strong>+39 059 936811, referente_privacy@pm-group.eu<\/p>\n<p><strong>\u00a0<\/strong><\/p>\n<p><strong>CATEGORIE DEGLI INTERESSATI<\/strong><\/p>\n<p>Aspiranti dipendenti<\/p>\n<p><strong>\u00a0<\/strong><\/p>\n<p><strong>TRATTAMENTI<\/strong><\/p>\n<p>Di seguito sono elencati i trattamenti di dati personali che coinvolgono l\u2019interessato<\/p>\n<p>&nbsp;<\/p>\n<p><strong>SELEZIONE E RICERCA DEL PERSONALE<\/strong><\/p>\n<p><strong>Finalit\u00e0 che necessitano del consenso: <\/strong>Ricerca e selezione del personale<\/p>\n<p><strong>Tipologia di dati trattati: <\/strong>Nome, Cognome, Dati anagrafici, Dati contenuti nei CV, Appartenenza a categorie protette.<\/p>\n<p>Il mancato conferimento dei dati comporter\u00e0 l&#8217;impossibilit\u00e0 per il Titolare di valutare la sua candidatura.<\/p>\n<p><strong>Facoltativit\u00e0 del consenso: <\/strong>La prestazione del consenso \u00e8 sempre facoltativa. Il mancato conferimento comporter\u00e0 l\u2019impossibilit\u00e0 per il Titolare di dare seguito alle finalit\u00e0 la cui base giuridica \u00e8 il consenso rilasciato dall\u2019interessato.<\/p>\n<p><strong>Termini di conservazione per categoria di dati personali:<\/strong><\/p>\n<p><strong>Categoria<\/strong>: Dati CV<\/p>\n<p><strong>Termine conservazione<\/strong>: Il trattamento sar\u00e0 effettuato per un tempo non superiore al perseguimento delle finalit\u00e0 descritte in informativa. I dati saranno conservati per 5 anni dalla chiusura della selezione oppure 10 anni dalla cessazione del rapporto di lavoro nel caso di assunzione<\/p>\n<p><strong>\u00a0<\/strong><\/p>\n<p><strong>DIRITTI DELL\u2019INTERESSATO<\/strong><\/p>\n<p>(Artt. da 15 a 22 e dall\u2019art. 13 del GDPR)<\/p>\n<p>Sono di seguito riepilogati i diritti esercitabili dall\u2019interessato:<\/p>\n<p><strong>\u00a0<\/strong><\/p>\n<p><strong>Diritto di accesso: <\/strong>L&#8217;interessato ha diritto, secondo quanto previsto dall\u2019art 15 del GDPR di richiedere al titolare l&#8217;accesso ai propri dati personali.<\/p>\n<p><strong>Diritto di rettifica:<\/strong> L&#8217;interessato ha diritto, secondo quanto previsto dall\u2019art 16 del GDPR di richiedere al titolare la rettifica dei propri dati personali.<\/p>\n<p><strong>Diritto di cancellazione: <\/strong>L&#8217;interessato ha diritto, secondo quanto previsto dall\u2019art 17 del GDPR di richiedere al titolare la cancellazione dei propri dati personali.<\/p>\n<p><strong>Diritto di limitazione:<\/strong> L&#8217;interessato ha diritto, secondo quanto previsto dall\u2019art 18 del GDPR di richiedere al titolare la limitazione dei dati che lo riguardano.<\/p>\n<p><strong>Diritto di opposizione: <\/strong>L&#8217;interessato ha diritto, secondo quanto previsto dall\u2019art 21 del GDPR di opporsi al loro trattamento.<\/p>\n<p><strong>Diritto di portabilit\u00e0:<\/strong> L&#8217;interessato ha diritto, secondo quanto previsto dall\u2019art 20 del GDPR di esercitare il proprio diritto alla portabilit\u00e0 dei dati.<\/p>\n<p><strong>Diritto di revoca:<\/strong> L&#8217;interessato ha diritto, secondo quanto previsto dall\u2019art 7 comma 3 del GDPR di esercitare il proprio diritto alla revoca del consenso.<\/p>\n<p><strong>Come esercitare i diritti:<\/strong> Inviando un&#8217;e-mail all&#8217;indirizzo di contatto.<\/p>\n<p><strong>Note aggiuntive:<\/strong> L\u2019interessato potr\u00e0 inoltre proporre reclamo dinanzi ad un&#8217;autorit\u00e0 di controllo (ad esempio il Garante per la protezione dei dati personali).<\/p>\n<p>&nbsp;<\/p>\n<p><strong>PROCESSO AUTOMATIZZATO<\/strong><\/p>\n<p><strong>Esiste un processo automatizzato? <\/strong>Il trattamento non \u00e8 basato su processo decisionale automatizzato.<\/p>\n<p><strong>\u00a0<\/strong><\/p>\n<p><strong>\u00a0<\/strong><\/p>\n<p><strong>Consenso al trattamento dei dati personali <\/strong><\/p>\n<p><em>(ai sensi dell\u2019art. 7 del GDPR &#8211; General Data Protection Regulation 2016\/679)<\/em><\/p>\n<p>Acquisite le informazioni sopra riportate, il sottoscritto esprime il consenso per le seguenti finalit\u00e0: Ricerca e selezione del personale.<\/p>\n","protected":false},"excerpt":{"rendered":"<p>INFORMATIVA SUL TRATTAMENTO DEI DATI PERSONALI (Art. 13 Regolamento UE 27 Aprile 2016, n. 679 in materia di protezione dei dati personali \u201cGDPR\u201d) &nbsp; In conformit\u00e0 con i requisiti imposti dal Regolamento Generale in materia di protezione dei dati personali il Titolare del trattamento fornisce all\u2019interessato le seguenti informazioni in relazione ai trattamenti di dati&hellip;<\/p>\n","protected":false},"author":1,"featured_media":0,"parent":0,"menu_order":0,"comment_status":"closed","ping_status":"closed","template":"","meta":[],"acf":[],"_links":{"self":[{"href":"https:\/\/www.pm-group.eu\/en\/wp-json\/wp\/v2\/pages\/1809"}],"collection":[{"href":"https:\/\/www.pm-group.eu\/en\/wp-json\/wp\/v2\/pages"}],"about":[{"href":"https:\/\/www.pm-group.eu\/en\/wp-json\/wp\/v2\/types\/page"}],"author":[{"embeddable":true,"href":"https:\/\/www.pm-group.eu\/en\/wp-json\/wp\/v2\/users\/1"}],"replies":[{"embeddable":true,"href":"https:\/\/www.pm-group.eu\/en\/wp-json\/wp\/v2\/comments?post=1809"}],"version-history":[{"count":4,"href":"https:\/\/www.pm-group.eu\/en\/wp-json\/wp\/v2\/pages\/1809\/revisions"}],"predecessor-version":[{"id":2781,"href":"https:\/\/www.pm-group.eu\/en\/wp-json\/wp\/v2\/pages\/1809\/revisions\/2781"}],"wp:attachment":[{"href":"https:\/\/www.pm-group.eu\/en\/wp-json\/wp\/v2\/media?parent=1809"}],"curies":[{"name":"wp","href":"https:\/\/api.w.org\/{rel}","templated":true}]}}